{"id":497,"date":"2021-07-08T08:52:09","date_gmt":"2021-07-08T06:52:09","guid":{"rendered":"https:\/\/missionsvalencia.eu\/municipisinnovadors\/aviso-legal\/"},"modified":"2021-07-08T08:53:58","modified_gmt":"2021-07-08T06:53:58","slug":"aviso-legal","status":"publish","type":"page","link":"https:\/\/missionsvalencia.eu\/municipisinnovadors\/ca\/aviso-legal\/","title":{"rendered":"Av\u00eds legal"},"content":{"rendered":"<li>\n<p>AV\u00cdS LEGAL<\/p>\n<\/li>\n<li><a href=\"https:\/\/www.lasnaves.com\/wp-content\/uploads\/2021\/05\/Informe-Registro-de-Actividades-de-Tratamiento-v.5_Las-Naves_v2.docx3_.pdf\"><strong>INFORME DE REGISTRE D\u2019ACTIVITATS DE TRACTAMENT<\/strong><\/a><\/li>\n<li>\n<p>DRETS DE PROPIETAT INTEL\u00b7LECTUAL I INDUSTRIAL<\/p>\n<\/li>\n<li>\n<p>EXEMPCI\u00d3 DE RESPONSABILITAT<\/p>\n<\/li>\n<li>\n<p><a href=\"https:\/\/www.lasnaves.com\/wp-content\/uploads\/2017\/08\/190320-Pol\u00edtica-de-Seguridad-de-la-Informaci\u00f3n-LAS-NAVES-Adapt.-ENS.pdf\">POL\u00cdTICA DE PROTECCI\u00d3 DE DADES I PRIVADESA<\/a><\/p>\n<\/li>\n<li>\n<p>DEURE INFORMAR SOBRE EL TRACTAMENT DE DADES A l\u2019AFECTAT INFORMACI\u00d3 ADDICIONAL. RGPD<\/p>\n<\/li>\n<li>\n<p>POL\u00cdTICA DE COOKIES<\/p>\n<\/li>\n<li>\n<p>POL\u00cdTICA ANTI SPAM<\/p>\n<\/li>\n<li>\n<p>LLEI APLICABLE I JURISDICCI\u00d3<\/p>\n<\/li>\n<li>\n<p>COPYRIGHT<\/p>\n<p><strong>AV\u00cdS LEGAL&nbsp;<\/strong><\/p>\n<p><span style=\"color: #000000;\"><span style=\"font-family: unicalight;\"><span style=\"font-size: medium;\">Fundaci\u00f3n de la Comunidad Valenciana para la Promoci\u00f3n Estrat\u00e9gica el Desarrollo y la Innovaci\u00f3n Urbana, amb G98406002 i domicili en PLAZA AYUNTAMIENTO, NUM. 1 C.P.: 46002 \u2013 VALENCIA (VALENCIA),&nbsp;inscrita en el Registr<\/span><\/span><\/span><span style=\"color: #000000;\"><span style=\"font-family: unicalight;\"><span style=\"font-size: medium;\">e&nbsp;<\/span><\/span><\/span><span style=\"color: #000000;\"><span style=\"font-family: unicalight;\"><span style=\"font-size: medium;\">de Fundacions de la Comunitat Valenciana, <\/span><\/span><\/span><span style=\"color: #000000;\"><span style=\"font-family: unicalight;\"><span style=\"font-size: medium;\">amb&nbsp;<\/span><\/span><\/span><span style=\"color: #000000;\"><span style=\"font-family: unicalight;\"><span style=\"font-size: medium;\">el n\u00famero 560 (V) el 02 de febrer de 2012.<\/span><\/span><\/span><\/p>\n<p>1. Els drets de propietat intel\u00b7lectual de la Web www.lasnaves.com, el seu disseny, estructura de navegaci\u00f3, codis font, les seues bases de dades aix\u00ed com cadascun dels diferents elements en ell continguts s\u00f3n titularitat de Fundaci\u00f3n de la Comunidad Valenciana para la Promoci\u00f3n Estrat\u00e9gica, el Desarrollo y la Innovaci\u00f3n Urbana, a qui correspon \u00fanicament l\u2019exercici exclusiu dels drets d\u2019explotaci\u00f3 dels mateixos en qualsevol forma i, especialment, els drets de reproducci\u00f3, distribuci\u00f3, comunicaci\u00f3 p\u00fablica i transformaci\u00f3.<\/p>\n<p>2. Aquestes condicions generals regulen l\u2019acc\u00e9s i utilitzaci\u00f3 del lloc web que Fundaci\u00f3n de la Comunidad Valenciana para la Promoci\u00f3n Estrat\u00e9gica, el Desarrollo y la Innovaci\u00f3n Urbana posa gratu\u00eftament a la disposici\u00f3 dels usuaris d\u2019Internet. L\u2019acc\u00e9s a aquest lloc implica la seua acceptaci\u00f3 sense reserves. La utilitzaci\u00f3 de determinats serveis oferits en aquest lloc es regir\u00e0 a m\u00e9s per les condicions particulars previstes en cada cas, les quals s\u2019entendran acceptades pel mer \u00fas de tals serveis.<\/p>\n<p>3. Els usuaris que accedisquen a la Web estan expressament autoritzats per a la visualitzaci\u00f3 de tota la informaci\u00f3, la impressi\u00f3 i desc\u00e0rrega parcial del contingut nom\u00e9s i exclusivament si concorren les seg\u00fcents condicions:<br \/>\n3.1) Que es realitze quan els elements reprodu\u00efts siguen destinats \u00fanicament per a \u00fas personal i privat de l\u2019usuari. Es prohibeix, per tant, expressament la seua utilitzaci\u00f3 amb finalitats comercials o per a la seua distribuci\u00f3, comunicaci\u00f3 p\u00fablica, transformaci\u00f3 o decompilaci\u00f3, incloent el seu enviament a trav\u00e9s de correu electr\u00f2nic. Tamb\u00e9 es prohibeix que aquests continguts siguen cedits o transmesos a tercers o s\u2019instal\u00b7len en qualsevol servidor connectat directa o indirectament a una xarxa local i Internet, de manera que un grup de tercers puga tenir acc\u00e9s a aquesta informaci\u00f3.<br \/>\n3.2) Que cap dels continguts relacionats en aquesta Web siguen modificats de manera alguna.<br \/>\n3.3) Que cap gr\u00e0fic, icona o imatge disponible en aquesta Web siga utilitzat, copiat o distribu\u00eft separadament del text o resta d\u2019imatges que ho acompanyen. Qualsevol infracci\u00f3 de les prohibicions i limitacions contingudes en aquest apartat, aix\u00ed com en qualsevol dels seg\u00fcents- es reputar\u00e1 infracci\u00f3 dels drets de propietat intel\u00b7lectual titularitat de Fundaci\u00f3n de la Comunidad Valenciana para la Promoci\u00f3n Estrat\u00e9gica, el Desarrollo y la Innovaci\u00f3n Urbana i donar\u00e0 lloc a les responsabilitats legalment establides a aquest efecte, podent ser perseguida per aquesta \u00faltima mitjan\u00e7ant l\u2019exercici de les accions administratives, civils o penals que, si escau, corresponguen.<\/p>\n<p><a href=\"https:\/\/www.lasnaves.com\/wp-content\/uploads\/2021\/03\/Informe-Registro-de-Actividades-de-Tratamiento_Las-Naves.pdf\"><strong>INFORME DE REGISTRE D\u2019ACTIVIDATS DE TRACTAMENT<\/strong><\/a><\/p>\n<\/li>\n<li>\n<p>DRETS DE PROPIETAT INTEL\u00b7LECTUAL I INDUSTRIAL<\/p>\n<p>L\u2019Usuari reconeix i accepta que tots els drets de propietat industrial i intel\u00b7lectual sobre els continguts i\/o qualssevol altres elements inserits en el Lloc web (incloent, a t\u00edtol merament enunciatiu i no limitatiu, tots aquells elements que conformen l\u2019aparen\u00e7a visual, imatge gr\u00e0fica i altres est\u00edmuls sensorials de les p\u00e0gines Web que conformen el lloc web \u201cwww.lasnaves.com\u201d, marques, logotips, noms comercials, textos, cr\u00edtiques i comentaris, imatges, gr\u00e0fics, dissenys, sons, bases de dades, programari, diagrames de flux, presentaci\u00f3, arquitectura de navegaci\u00f3, aix\u00ed com els codis font de les p\u00e0gines Web pertanyen a Fundaci\u00f3n de la Comunidad Valenciana para la Promoci\u00f3n Estrat\u00e9gica, el Desarrollo y la Innovaci\u00f3n Urbana i\/o a tercers que li han cedit els seus drets. A tals efectes, s\u2019entendr\u00e0 com a Lloc web totes aquelles creacions incorporades i expressades per qualsevol mitj\u00e0 i\/o suport tangible o intangible, conegut o per con\u00e8ixer, que siga objecte de protecci\u00f3 per les disposicions normatives vigents en mat\u00e8ria de propietat intel\u00b7lectual i industrial.<\/p>\n<p>Queda autoritzada la mera visualitzaci\u00f3, impressi\u00f3, desc\u00e0rrega o emmagatzematge temporal, ja siga \u00edntegrament o parcialment, dels continguts i\/o dels elements inserits en el Lloc web o en les p\u00e0gines que ho conformen exclusivament per al seu \u00fas personal, privat i no lucratiu per l\u2019usuari sempre que en tot cas s\u2019indique l\u2019origen i\/o autor dels mateixos i que, si escau, aparega el s\u00edmbol del copyright i\/o notes de propietat industrial dels seus titulars.<\/p>\n<p>En cap cas l\u2019acc\u00e9s al Lloc web implica cap tipus de perm\u00eds, ren\u00fancia, transmissi\u00f3, llic\u00e8ncia o cessi\u00f3 total ni parcial de dites dretes per part dels seus titulars, llevat que s\u2019establisca expressament el contrari. Les presents condicions d\u2019\u00fas del Lloc web no confereixen als Usuaris cap altre dret d\u2019utilitzaci\u00f3, alteraci\u00f3, explotaci\u00f3, reproducci\u00f3, distribuci\u00f3 o comunicaci\u00f3 p\u00fablica del Lloc web i\/o dels seus Continguts diferents dels ac\u00ed expressament previstos. Qualsevol altre \u00fas o explotaci\u00f3 de qualsevol dret estar\u00e0 subjecte a la pr\u00e8via i expressa autoritzaci\u00f3 espec\u00edficament atorgada a aquest efecte per Fundaci\u00f3n de la Comunidad Valenciana para la Promoci\u00f3n Estrat\u00e9gica, el Desarrollo y la Innovaci\u00f3n Urbana o, si escau, pel tercer titular dels drets afectats.<\/p>\n<p>Queda terminantment prohibida la utilitzaci\u00f3 de tals elements, el seu total o parcial reproducci\u00f3, comunicaci\u00f3 i\/o distribuci\u00f3 amb finalitats comercials o lucratives, aix\u00ed com la seua modificaci\u00f3, alteraci\u00f3, descompilaci\u00f3 i\/o qualsevol altre acte d\u2019explotaci\u00f3 del Lloc web, les seues p\u00e0gines i\/o dels continguts que en elles s\u2019incorporen. Per a qualsevol altre \u00fas diferent dels expressament permesos, ser\u00e0 necessari obtenir el consentiment previ per escrit del titular dels drets que es tracte.<\/p>\n<p>EXEMPCI\u00d3 DE RESPONSABILITAT<\/p>\n<p>1. Fundaci\u00f3n de la Comunidad Valenciana para la Promoci\u00f3n Estrat\u00e9gica, el Desarrollo y la Innovaci\u00f3n Urbana es reserva la facultat d\u2019efectuar sempre que siga necessari i sense necessitat d\u2019av\u00eds previ, totes les modificacions i actualitzacions de la informaci\u00f3 continguda en el seu Web, tant en la seua versi\u00f3 en espanyol com en altres idiomes-, de la configuraci\u00f3 i presentaci\u00f3 d\u2019aquest i de les condicions d\u2019acc\u00e9s. Els documents i gr\u00e0fics publicats en aquest lloc web poden incorporar imprecisions t\u00e8cniques o errors tipogr\u00e0fics.<\/p>\n<p>2. Fundaci\u00f3n de la Comunidad Valenciana para la Promoci\u00f3n Estrat\u00e9gica, el Desarrollo y la Innovaci\u00f3n Urbana proporciona els materials i gr\u00e0fics continguts en aquest lloc web sense garantia expressa o impl\u00edcita de cap tipus. Fundaci\u00f3n de la Comunidad Valenciana para la Promoci\u00f3n Estrat\u00e9gica, el Desarrollo y la Innovaci\u00f3n Urbana rebutja l\u2019exist\u00e8ncia de qualsevol garantia o condici\u00f3 impl\u00edcita en la informaci\u00f3 ac\u00ed continguda, incloent garanties de viabilitat comercial, de no infracci\u00f3 de la propietat intel\u00b7lectual o d\u2019adequaci\u00f3 a qualsevol objectiu espec\u00edfic.<\/p>\n<p>3. En cap cas Fundaci\u00f3n de la Comunidad Valenciana para la Promoci\u00f3n Estrat\u00e9gica, el Desarrollo y la Innovaci\u00f3n Urbana o els seus prove\u00efdors seran responsables de qualsevol tipus de danys o perjudicis, incloent els derivats d\u2019una reducci\u00f3 de beneficis, de la interrupci\u00f3 del negoci o d\u2019una p\u00e8rdua d\u2019informaci\u00f3 deguda a l\u2019\u00fas o mal \u00fas dels materials continguts en aquest servidor, fins i tot en el cas que Fundaci\u00f3n de la Comunidad Valenciana para la Promoci\u00f3n Estrat\u00e9gica, el Desarrollo y la Innovaci\u00f3n Urbana haja sigut avisada de la possibilitat de tals danys o perjudicis.<\/p>\n<p>4. Fundaci\u00f3n de la Comunidad Valenciana para la Promoci\u00f3n Estrat\u00e9gica, el Desarrollo y la Innovaci\u00f3n Urbana no garanteix la inexist\u00e8ncia d\u2019interrupcions o errors en l\u2019acc\u00e9s al seu Web ni en els seus diferents continguts. Tampoc garanteix que aquest es trobe sempre i en tots els casos actualitzats, encara que desenvolupar\u00e0 els seus millors esfor\u00e7os per a, si escau, evitar-los, esmenar-los o actualitzar aquest contingut al m\u00e9s prompte possible. Fundaci\u00f3n de la Comunidad Valenciana para la Promoci\u00f3n Estrat\u00e9gica, el Desarrollo y la Innovaci\u00f3n Urbana no assumeix cap tipus de responsabilitat per qualsevol de les informacions contingudes en altres Web a les quals la Web puga remetre a trav\u00e9s d\u2019enlla\u00e7os hipertextuales o \u201clinks\u201d.<\/p>\n<p>5. Fundaci\u00f3n de la Comunidad Valenciana para la Promoci\u00f3n Estrat\u00e9gica, el Desarrollo y la Innovaci\u00f3n Urbana no assumeix responsabilitat alguna derivada de la concessi\u00f3 o continguts dels enlla\u00e7os de tercers als quals es fa refer\u00e8ncia en la Web www.lasnaves.com, ni garanteix l\u2019abs\u00e8ncia de virus o altres elements en els mateixos que puguen produir alteracions en el sistema inform\u00e0tic (maquinari i programari), els documents o els fitxers de l\u2019usuari, excloent qualsevol responsabilitat pels danys de qualsevol classe causats a l\u2019usuari per aquest motiu. Per tant, no es fa responsable del contingut de cap d\u2019ells, ni dels canvis o actualitzacions que puguen experimentar.<\/p>\n<p>6. Tant l\u2019acc\u00e9s a aquest Web com l\u2019\u00fas que puga fer-se de la informaci\u00f3 continguda en el mateix \u00e9s de l\u2019exclusiva responsabilitat de qui ho realitza. Fundaci\u00f3n de la Comunidad Valenciana para la Promoci\u00f3n Estrat\u00e9gica, el Desarrollo y la Innovaci\u00f3n Urbana no respondr\u00e0 de cap conseq\u00fc\u00e8ncia, dany o perjudici que pogueren derivar-se d\u2019aquest acc\u00e9s o \u00fas de la informaci\u00f3. Fundaci\u00f3n de la Comunidad Valenciana para la Promoci\u00f3n Estrat\u00e9gica, el Desarrollo y la Innovaci\u00f3n Urbana no es fa responsable dels possibles errors de seguretat que es puguen produir ni dels possibles danys que puguen causar-se al sistema inform\u00e0tic de l\u2019usuari (maquinari i programari) aix\u00ed com dels fitxers o documents emmagatzemats en el mateix, com a conseq\u00fc\u00e8ncia de la pres\u00e8ncia de virus en l\u2019ordinador de l\u2019usuari utilitzat per a la connexi\u00f3 als serveis i continguts de la Web, d\u2019un mal funcionament del navegador o de l\u2019\u00fas de versions no actualitzades del mateix.<\/p>\n<p>7. Aix\u00ed mateix Fundaci\u00f3n de la Comunidad Valenciana para la Promoci\u00f3n Estrat\u00e9gica, el Desarrollo y la Innovaci\u00f3n Urbana \u00e9s titular dels drets de propietat industrial referits als seus productes i serveis, i espec\u00edficament dels relatius a la marca registrada. Respecte a les cites de productes i serveis de tercers Fundaci\u00f3n de la Comunidad Valenciana para la Promoci\u00f3n Estrat\u00e9gica, el Desarrollo y la Innovaci\u00f3n Urbana reconeix a favor dels seus titulars els corresponents drets de propietat industrial i intel\u00b7lectual, no implicant el seu sol esment o aparici\u00f3 en el Web l\u2019exist\u00e8ncia de drets o responsabilitat alguna de Fundaci\u00f3n de la Comunidad Valenciana para la Promoci\u00f3n Estrat\u00e9gica, el Desarrollo y la Innovaci\u00f3n Urbana sobre els mateixos, com tampoc respatler, patrocini, recomanaci\u00f3 per part de Fundaci\u00f3n de la Comunidad Valenciana para la Promoci\u00f3n Estrat\u00e9gica, el Desarrollo y la Innovaci\u00f3n Urbana .<\/p>\n<p>8. L\u2019\u00fas no autoritzat de qualsevol informaci\u00f3 continguda en aquesta Web, la seua revenda, aix\u00ed com la lesi\u00f3 dels drets de Propietat Intel\u00b7lectual o Industrial de Fundaci\u00f3n de la Comunidad Valenciana para la Promoci\u00f3n Estrat\u00e9gica, el Desarrollo y la Innovaci\u00f3n Urbana donar\u00e0 lloc a les responsabilitats legalment establides.<\/p>\n<p>9. Qualsevol tipus d\u2019enlla\u00e7 de tercers a aquesta Web ha de ser-ho a la p\u00e0gina principal o d\u2019entrada: www.lasnaves.com.<\/p>\n<p>POL\u00cdTICA DE PROTECCI\u00d3 DE DADES I PRIVADESA<\/p>\n<p>Fundaci\u00f3n de la Comunidad Valenciana para la Promoci\u00f3n Estrat\u00e9gica, el Desarrollo y la Innovaci\u00f3n Urbana (d\u2019ara endavant), com a responsable de la present Web i de conformitat amb el que es disposa per la Legislaci\u00f3 vigent en Protecci\u00f3 de Dades de Car\u00e0cter Personal, el nou Reglament Europeu 679\/2016 i la Llei de la Societat d\u2019Informaci\u00f3 i de Comer\u00e7 Electr\u00f2nic (LSSI-CE 34\/2002, d\u201911 de juny) ha posat en pr\u00e0ctica pol\u00edtiques, mitjans i procediments per a garantir i protegir la privadesa de les dades de car\u00e0cter personal dels seus USUARIS.<\/p>\n<p>DEURE INFORMAR SOBRE EL TRACTAMENT DE DADES A l\u2019AFECTAT INFORMACI\u00d3 ADDICIONAL. RGPD<\/p>\n<p>Responsable del Tractament:<br \/>\nFundaci\u00f3n de la Comunidad Valenciana para la Promoci\u00f3n Estrat\u00e9gica, el Desarrollo y la Innovaci\u00f3n Urbana , amb C.I.F.: G98406002, i domicili en PLA\u00c7A AJUNTAMENT, NUM. 1 C.P.: 46002 \u2013 VAL\u00c8NCIA (VAL\u00c8NCIA).<\/p>\n<p>RELACI\u00d3 D\u2019ACTIVITATS DE TRACTAMENT<\/p>\n<p>Contacte amb el Responsable per a obtenir Informaci\u00f3 Addicional sobre el tractament de les dades.<\/p>\n<p>Identitat i adre\u00e7a del Responsable del Tractament<br \/>\nEl titular i responsable del tractament \u00e9s Fundaci\u00f3n de la Comunidad Valenciana para la Promoci\u00f3n Estrat\u00e9gica, el Desarrollo y la Innovaci\u00f3n Urbana. Serveis Prestats a trav\u00e9s del Lloc web trav\u00e9s de les diferents \u00e0rees que formen part de la present Web, els USUARIS poden: obtenir informaci\u00f3, consultar i contractar serveis oferits en el Lloc web. La simple navegaci\u00f3 per la Web t\u00e9 car\u00e0cter gratu\u00eft i no exigeix el registre previ per part dels USUARIS. Les \u00faniques dades personals als quals el responsable del tractament tindr\u00e0 acc\u00e9s seran aquells que li siguen facilitats volunt\u00e0riament a fi de possibilitar l\u2019acc\u00e9s, \u00fas o contractaci\u00f3 dels serveis facilitats a trav\u00e9s del Lloc web.<\/p>\n<p>Tractament de les Dades i la seua Confidencialitat<br \/>\nLes dades que es faciliten s\u2019incorporaran a activitats de tractament, la titularitat del qual i responsabilitat ve ostentada per Fundaci\u00f3n de la Comunidad Valenciana para la Promoci\u00f3n Estrat\u00e9gica, el Desarrollo y la Innovaci\u00f3n Urbana, i seran tractats amb absoluta confidencialitat.<br \/>\nL\u2019entitat responsable del tractament, aix\u00ed com els que intervinguen en qualsevol fase del tractament i\/o les entitats als qui els hagen sigut comunicades -en virtut de l\u2019autoritzaci\u00f3 conferida per l\u2019USUARI- estan obligades a observar el secret professional i adoptaran els nivells de protecci\u00f3 i les mesures t\u00e8cniques i organitzatives necess\u00e0ries al seu abast que garantisquen la seguretat de les dades de car\u00e0cter personal, evitant, en la mesura del possible, accessos no autoritzats, modificacions il\u00b7l\u00edcites, sostracions i\/o la p\u00e8rdua de les dades.<br \/>\nNo obstant a\u00e7\u00f2, s\u2019adverteix i informa als USUARIS que les mesures t\u00e8cniques no s\u00f3n infalibles ni inexpugnables, motiu pel qual, el responsable del tractament no podr\u00e0 tenir-se per responsable de tals pr\u00e0ctiques ni de les seues conseq\u00fc\u00e8ncies.<br \/>\nLes dades de car\u00e0cter personal dels USUARIS, juntament amb els quals s\u2019originen com a conseq\u00fc\u00e8ncia de l\u2019acc\u00e9s, \u00fas o contractaci\u00f3 del servei, nom\u00e9s podran ser objecte de tractament automatitzat i cedits en la forma i amb la finalitat establida i expressament autoritzada pels USUARIS.<\/p>\n<p>Segmentaci\u00f3 i Categoritzaci\u00f3 de les Dades<\/p>\n<p>El registre de les dades personals aportades en el moment de subscripci\u00f3 o contractaci\u00f3 de cursos, seminaris, publicacions, productes o altres serveis, i qualsevol un altre facilitat durant la seua relaci\u00f3, comportar\u00e0 a m\u00e9s l\u2019acceptaci\u00f3 de car\u00e0cter voluntari per la seua banda en relaci\u00f3 amb el tractament d\u2019aquestes dades personals per Fundaci\u00f3n de la Comunidad Valenciana para la Promoci\u00f3n Estrat\u00e9gica, el Desarrollo y la Innovaci\u00f3n Urbana a fi de ser segmentats o categoritzats amb la finalitat d\u2019aplicar-los a l\u2019activitat relacionada amb la gesti\u00f3 d\u2019administraci\u00f3 general, informaci\u00f3, comercialitzaci\u00f3 dels nostres serveis, elaborar perfils, an\u00e0lisis de propostes sol\u00b7licitades pels USUARIS\/CLIENTS, estudi estad\u00edstic dels serveis i continguts utilitzats, gustos i prefer\u00e8ncies, enquestes o formularis.<\/p>\n<p>Comunicaci\u00f3 de les dades<br \/>\nEl facilitar les dades personals per part dels USUARIS suposa tamb\u00e9 l\u2019acceptaci\u00f3 volunt\u00e0ria i expressa de la cessi\u00f3 i transmissi\u00f3 d\u2019aquestes dades, amb iguals finalitats que els anteriorment indicats, a altres entitats de l\u2019ajuste Fundaci\u00f3n de la Comunidad Valenciana para la Promoci\u00f3n Estrat\u00e9gica, el Desarrollo y la Innovaci\u00f3n Urbana , auxiliars i\/o col\u00b7laboradores, aix\u00ed com autoritzar al responsable del tractament per a rebre de les citades entitats de l\u2019ajuste Fundaci\u00f3n de la Comunidad Valenciana para la Promoci\u00f3n Estrat\u00e9gica, el Desarrollo y la Innovaci\u00f3n Urbana informacions obrants en els seus arxius, fins i tot de forma interconnectada, per a les finalitats assenyalades.<br \/>\nFundaci\u00f3n de la Comunidad Valenciana para la Promoci\u00f3n Estrat\u00e9gica, el Desarrollo y la Innovaci\u00f3n Urbana enviar\u00e0 a tercers informaci\u00f3 que permeta la seua identificaci\u00f3 quan:<br \/>\n\u2013 H\u00e0gem obtingut el seu perm\u00eds per a compartir aquesta informaci\u00f3.<br \/>\n\u2013 Necessitem compartir aquesta informaci\u00f3 per a proporcionar-li el producte o servei que haja sol\u00b7licitat.<br \/>\n\u2013 Necessitem enviar aquesta informaci\u00f3 a empreses que treballen amb Fundaci\u00f3n de la Comunidad Valenciana para la Promoci\u00f3n Estrat\u00e9gica, el Desarrollo y la Innovaci\u00f3n Urbana per a proporcionar-li el producte o servei que haja sol\u00b7licitat. (Llevat que li informem en cas contrari, aquestes empreses no tenen dret a utilitzar la informaci\u00f3 d\u2019identificaci\u00f3 que els subministrem m\u00e9s que en el necessari per a ajudar-nos).<br \/>\n\u2013 Responguem a citacions o requeriments legals, aix\u00ed com a ordres judicials; o quan estimem que les seues activitats en els nostres llocs web violen qualsevol de les instruccions d\u2019\u00fas dels nostres productes o serveis.<\/p>\n<p>POL\u00cdTICA DE COOKIES<\/p>\n<p>Fundaci\u00f3n de la Comunidad Valenciana para la Promoci\u00f3n Estrat\u00e9gica, el Desarrollo y la Innovaci\u00f3n Urbana&nbsp;utilitza cookies per a millorar l\u2019experi\u00e8ncia dels usuaris, facilitant la navegaci\u00f3 per la nostra web. Estem fent tot el possible per facilitar l\u2019\u00fas d\u2019aquestes cookies, aix\u00ed com la seua gesti\u00f3 i control en utilitzar els nostres serveis.<\/p>\n<p>Qu\u00e8 s\u00f3n les cookies?<br \/>\nLes cookies s\u00f3n xicotets arxius de text que s\u2019emmagatzemen en el dispositiu de l\u2019usuari d\u2019Internet en visitar una p\u00e0gina web. \u00c9s l\u2019operador del lloc web el que determina quin tipus d\u2019informaci\u00f3 cont\u00e9 aquesta cookie i quin \u00e9s el seu prop\u00f2sit, podent a m\u00e9s ser utilitzada pel servidor web cada vegada que visite aquesta web. S\u2019utilitzen les cookies per a estalviar temps i fer l\u2019experi\u00e8ncia de navegaci\u00f3 web molt m\u00e9s eficient. No obstant a\u00e7\u00f2, poden ser usades amb diversos prop\u00f2sits diferents que van des de recordar la informaci\u00f3 d\u2019inici de sessi\u00f3 o el que cont\u00e9 la seua comanda de compra.<br \/>\nExisteixen una gran quantitat de guies en les quals s\u2019explica el que s\u00f3n les cookies, i para qu\u00e8 s\u2019utilitzen.<\/p>\n<p>Per a m\u00e9s informaci\u00f3:<br \/>\nhttp:\/\/www.allaboutcookies.org<br \/>\nhttps:\/\/es.wikipedia.org\/wiki\/cookie<br \/>\nTipus de cookies segons l\u2019entitat que les gestione:<\/p>\n<p>\u2013 Cookies pr\u00f2pies:<br \/>\nS\u00f3n aquelles que s\u2019envien a l\u2019equip terminal de l\u2019usuari des d\u2019un equip o domini gestionat pel propi editor i des del qual es presta el servei sol\u00b7licitat per l\u2019usuari.<\/p>\n<p>\u2013 Cookies de tercer:<br \/>\nS\u00f3n aquelles que s\u2019envien a l\u2019equip terminal de l\u2019usuari des d\u2019un equip o domini que no \u00e9s gestionat per l\u2019editor, sin\u00f3 per una altra entitat que tracta les dades obtingudes trav\u00e9s de les cookies.<\/p>\n<p>Tipus de cookies segons el termini de temps que romanen activades:<\/p>\n<p>\u2013 Cookies de sessi\u00f3:<br \/>\nS\u00f3n un tipus de cookies dissenyades per a recaptar i emmagatzemar dades mentre l\u2019usuari accedeix a una p\u00e0gina web.<\/p>\n<p>\u2013 Cookies persistents:<br \/>\nS\u00f3n un tipus de cookies en el qual les dades segueixen emmagatzemats en el terminal i poden ser accedides i tractades durant un per\u00edode definit pel responsable de la cookie, i que pot anar d\u2019uns minuts a diversos anys.<\/p>\n<p>Tipus de cookies segons la seua finalitat:<\/p>\n<p>-Cookies t\u00e8cniques: \u2028S\u00f3n aquelles que permeten a l\u2019usuari la navegaci\u00f3 a trav\u00e9s d\u2019una p\u00e0gina web, plataforma o aplicaci\u00f3 i la utilitzaci\u00f3 de les diferents opcions o serveis que en ella existisquen com, per exemple, controlar el tr\u00e0fic i la comunicaci\u00f3 de dades, identificar la sessi\u00f3, accedir a parts d\u2019acc\u00e9s restringit, recordar els elements que integren una comanda, realitzar el proc\u00e9s de compra d\u2019una comanda, realitzar la sol\u00b7licitud d\u2019inscripci\u00f3 o participaci\u00f3 en un esdeveniment, utilitzar elements de seguretat durant la navegaci\u00f3, emmagatzemar continguts per a la difusi\u00f3 de videos o so o compartir continguts a trav\u00e9s de xarxes socials.<\/p>\n<p>\u2013 Cookies de personalitzaci\u00f3:\u2028 S\u00f3n aquelles que permeten a l\u2019usuari accedir al servei amb algunes caracter\u00edstiques de car\u00e0cter general predefinides en funci\u00f3 d\u2019una s\u00e8rie de criteris en el terminal de l\u2019usuari com per exemple serien l\u2019idioma, el tipus de navegador a trav\u00e9s del com accedeix al servei, la configuraci\u00f3 regional des d\u2019on accedeix al servei, etc.<\/p>\n<p>\u2013 Cookies d\u2019an\u00e0lisi: \u2028S\u00f3n aquelles que permeten al responsable de les mateixes, el seguiment i an\u00e0lisi del comportament dels usuaris dels llocs web als quals estan vinculades. La informaci\u00f3 arreplegada mitjan\u00e7ant aquest tipus de cookies s\u2019utilitza en el mesurament de l\u2019activitat dels llocs web, aplicaci\u00f3 o plataforma i per a l\u2019elaboraci\u00f3 de perfils de navegaci\u00f3 dels usuaris d\u2019aquests llocs, aplicacions i plataformes, amb la finalitat d\u2019introduir millores en funci\u00f3 de l\u2019an\u00e0lisi de les dades d\u2019\u00fas que fan els usuaris del servei.<\/p>\n<p>\u2013 Cookies publicit\u00e0ries: \u2028S\u00f3n aquelles que permeten la gesti\u00f3, de la forma m\u00e9s efica\u00e7 possible, dels espais publicitaris que, si escau, l\u2019editor haja incl\u00f2s en una p\u00e0gina web, aplicaci\u00f3 o plataforma des de la qual presta el servei sol\u00b7licitat sobre la base de criteris com el contingut editat o la freq\u00fc\u00e8ncia en la qual es mostren els anuncis.<\/p>\n<p>\u2013 Cookies de publicitat comportamental:<br \/>\nS\u00f3n aquelles que permeten la gesti\u00f3, de la forma m\u00e9s efica\u00e7 possible, dels espais publicitaris que, si escau, l\u2019editor haja incl\u00f2s en una p\u00e0gina web, aplicaci\u00f3 o plataforma des de la qual presta el servei sol\u00b7licitat. Aquestes cookies emmagatzemen informaci\u00f3 del comportament dels usuaris obtinguda a trav\u00e9s de l\u2019observaci\u00f3 continuada dels seus h\u00e0bits de navegaci\u00f3, la qual cosa permet desenvolupar un perfil espec\u00edfic per a mostrar publicitat en funci\u00f3 del mateix.<\/p>\n<p>Cookies utilitzades per Fundaci\u00f3n de la Comunidad Valenciana para la Promoci\u00f3n Estrat\u00e9gica, el Desarrollo y la Innovaci\u00f3n Urbana .<br \/>\nFundaci\u00f3n de la Comunidad Valenciana para la Promoci\u00f3n Estrat\u00e9gica, el Desarrollo y la Innovaci\u00f3n Urbana &nbsp;tan solament utilitzar\u00e0 les cookies que Vost\u00e8 ens deixe utilitzar. Podr\u00e0 controlar els seus cookies a trav\u00e9s del seu navegador. Podr\u00e0 trobar m\u00e9s informaci\u00f3 sobre aquest tema m\u00e9s endavant.<\/p>\n<p>Nom<br \/>\nFinalitat<br \/>\nCategoria segons Finalitat<br \/>\nCategoria segons Durada<br \/>\nCategoria segons Gestor<\/p>\n<p>Configuraci\u00f3 de cookies i revocaci\u00f3 del consentiment:<br \/>\nVost\u00e8 pot gestionar les cookies a trav\u00e9s de la configuraci\u00f3 del seu navegador o dispositiu, en el cas que decidisca bloquejar-les, \u00e9s possible que certs serveis que necessiten el seu \u00fas no estiguen disponibles per a vost\u00e8.<br \/>\nPot dur a terme la gesti\u00f3 de les cookies en les seg\u00fcents ubicacions dels navegadors m\u00e9s populars:<br \/>\n\u2022 Internet Explorer: Eines -&gt; Opcions d\u2019Internet -&gt; Privadesa -&gt; Configuraci\u00f3.&nbsp;\u2028Per a m\u00e9s informaci\u00f3, pot consultar el suport de Microsoft o l\u2019Ajuda del navegador.&nbsp;\u2028\u2022 Firefox: Eines -&gt; Opcions -&gt; Privadesa -&gt; Historial -&gt; Configuraci\u00f3 Personalitzada.&nbsp;\u2028Per a m\u00e9s informaci\u00f3, pot consultar el suport de Mozilla o l\u2019Ajuda del navegador.&nbsp;\u2028\u2022 Chrome: Configuraci\u00f3 -&gt; Mostrar opcions avan\u00e7ades -&gt; Privadesa -&gt; Configuraci\u00f3 de contingut.&nbsp;\u2028Per a m\u00e9s informaci\u00f3, pot consultar el suport de Google o l\u2019Ajuda del navegador.&nbsp;\u2028\u2022 Safari: Prefer\u00e8ncies -&gt; Seguretat. 4&nbsp;\u2028Para m\u00e9s informaci\u00f3, pot consultar el suport d\u2019Apple o l\u2019Ajuda del navegador.<\/p>\n<p>\u2022 Modificaci\u00f3 de la Pol\u00edtica de Protecci\u00f3 de Dades, de Privadesa i de Cookies<\/p>\n<p>Finalment els informem que el responsable del tractament es reserva el dret a modificar la present pol\u00edtica de protecci\u00f3 de dades, privadesa i cookies per a adaptar-la a les novetats legislatives o jurisprudencials aix\u00ed com a les modificacions o pr\u00e0ctiques de la ind\u00fastria, si b\u00e9 s\u2019avisar\u00e0, amb la deguda antelaci\u00f3, dels canvis que es vagen a introduir i del moment en qu\u00e8 comen\u00e7aran a assortir plens efectes.<\/p>\n<p>POLITICA ANTI SPAM<\/p>\n<p>Les persones que reben alguna\/s de les comunicacions, informacions, butlletins, publicitat electr\u00f2niques de Fundaci\u00f3n de la Comunidad Valenciana para la Promoci\u00f3n Estrat\u00e9gica, el Desarrollo y la Innovaci\u00f3n Urbana les reben pels seg\u00fcents motius:<br \/>\n\u2013 Per registre en l\u00ednia des d\u2019aquesta p\u00e0gina.<br \/>\n\u2013 Per registre en l\u00ednia des de les p\u00e0gines de col\u00b7laboradors.<br \/>\n\u2013 Per sol\u00b7licitud d\u2019informaci\u00f3 dels nostres productes i serveis.<br \/>\n\u2013 Per haver facilitat la seua informaci\u00f3 a algun dels nostres Col\u00b7laboradors o Empleats.<br \/>\n\u2013 Per registre off line en emplenar formularis, butlletins, sol\u00b7licituds, etc., que s\u2019ofereixen en fires, oficines, col\u00b7laboradors i que queden arxivades per a ulterior comprovaci\u00f3 durant 5 anys.<\/p>\n<p>Les nostres comunicacions no volen arribar a cap persona que no ho desitge, per a\u00e7\u00f2, i per a poder corregir la situaci\u00f3 que a voltes pot donar-se que alguna persona puga donar d\u2019alta a una altra sense el seu consentiment, hem incorporat a aquest sistema de subscripci\u00f3 un filtre basat en una \u201cllista no contacte\u201d que impedeix que es puga donar l\u2019alta a qualsevol adre\u00e7a de correu Inclosa en la mateixa.<br \/>\nPer a\u00e7\u00f2, si vost\u00e8 no vol rebre mai les nostres comunicacions i impedir que ning\u00fa puga donar-li d\u2019alta contra la seua voluntat, li preguem ens remeta un correu electr\u00f2nic a enrique.lapenya@lasnaves.com indicant en l\u2019ASSUMPTE: \u201cBAIXA LLISTA\u201d i nosaltres inclourem en la \u201cllista no contacte\u201d aquella adre\u00e7a des de la qual se\u2019ns remeta aquest e-mail.<br \/>\nSi t\u00e9 algun problema per a fer-ho de forma electr\u00f2nica, no dubte a contactar amb nosaltres al tel\u00e8fon (+34) 963910477 en horari d\u2019oficina, on una persona li atendr\u00e0 personalment i realitzar\u00e0 aquest tr\u00e0mit.<\/p>\n<p>LLEI APLICABLE I JURISDICCI\u00d3<\/p>\n<p>La Llei aplicable en cas de disputa o conflicte d\u2019interpretaci\u00f3 dels termes que conformen aquest Av\u00eds Legal, aix\u00ed com qualsevol q\u00fcesti\u00f3 relacionada amb els serveis de la present web, ser\u00e0 l\u2019espanyola.<br \/>\nPer a la resoluci\u00f3 de qualsevol conflicte que puga sorgir en ocasi\u00f3 de la visita a la web, Fundaci\u00f3 de la Comunitat Valenciana per a la Promoci\u00f3 Estrat\u00e8gica el Desenvolupament i la Innovaci\u00f3 Urbana i l\u2019usuari acorden sotmetre\u2019s als jutges i tribunals del mercantil de Val\u00e8ncia<\/p>\n<p>COPYRIGHT<\/p>\n<p>Copyright: Disseny i desenvolupament realitzat per Fundaci\u00f3n de la Comunidad Valenciana para la Promoci\u00f3n Estrat\u00e9gica, el Desarrollo y la Innovaci\u00f3n Urbana \u00a9 Fundaci\u00f3n de la Comunidad Valenciana para la Promoci\u00f3n Estrat\u00e9gica, el Desarrollo y la Innovaci\u00f3n Urbana tots els drets reservats.<\/p>\n<\/li>\n<\/ul>\n","protected":false},"excerpt":{"rendered":"<p>AV\u00cdS LEGAL INFORME DE REGISTRE D\u2019ACTIVITATS DE TRACTAMENT DRETS DE PROPIETAT INTEL\u00b7LECTUAL I INDUSTRIAL EXEMPCI\u00d3 DE RESPONSABILITAT POL\u00cdTICA DE PROTECCI\u00d3 DE DADES I PRIVADESA DEURE INFORMAR SOBRE EL TRACTAMENT DE DADES A l\u2019AFECTAT INFORMACI\u00d3 ADDICIONAL. RGPD POL\u00cdTICA DE COOKIES POL\u00cdTICA ANTI SPAM LLEI APLICABLE I JURISDICCI\u00d3 COPYRIGHT AV\u00cdS LEGAL&nbsp; Fundaci\u00f3n de la Comunidad Valenciana para &hellip;<\/p>\n<p class=\"read-more\"> <a class=\"\" href=\"https:\/\/missionsvalencia.eu\/municipisinnovadors\/ca\/aviso-legal\/\"> <span class=\"screen-reader-text\">Av\u00eds legal<\/span> Read More &raquo;<\/a><\/p>\n","protected":false},"author":1,"featured_media":0,"parent":0,"menu_order":0,"comment_status":"closed","ping_status":"closed","template":"","meta":{"site-sidebar-layout":"default","site-content-layout":"default","ast-global-header-display":"","ast-main-header-display":"","ast-hfb-above-header-display":"","ast-hfb-below-header-display":"","ast-hfb-mobile-header-display":"","site-post-title":"","ast-breadcrumbs-content":"","ast-featured-img":"","footer-sml-layout":"","theme-transparent-header-meta":"default","adv-header-id-meta":"","stick-header-meta":"default","header-above-stick-meta":"","header-main-stick-meta":"","header-below-stick-meta":"","footnotes":""},"class_list":["post-497","page","type-page","status-publish","hentry"],"yoast_head":"<!-- This site is optimized with the Yoast SEO plugin v20.0 - https:\/\/yoast.com\/wordpress\/plugins\/seo\/ -->\n<title>Av\u00eds legal - Missions per a municipis<\/title>\n<meta name=\"robots\" content=\"index, follow, max-snippet:-1, max-image-preview:large, max-video-preview:-1\" \/>\n<link rel=\"canonical\" href=\"https:\/\/missionsvalencia.eu\/municipisinnovadors\/ca\/aviso-legal\/\" \/>\n<meta property=\"og:locale\" content=\"en_US\" \/>\n<meta property=\"og:type\" content=\"article\" \/>\n<meta property=\"og:title\" content=\"Av\u00eds legal - Missions per a municipis\" \/>\n<meta property=\"og:description\" content=\"AV\u00cdS LEGAL INFORME DE REGISTRE D\u2019ACTIVITATS DE TRACTAMENT DRETS DE PROPIETAT INTEL\u00b7LECTUAL I INDUSTRIAL EXEMPCI\u00d3 DE RESPONSABILITAT POL\u00cdTICA DE PROTECCI\u00d3 DE DADES I PRIVADESA DEURE INFORMAR SOBRE EL TRACTAMENT DE DADES A l\u2019AFECTAT INFORMACI\u00d3 ADDICIONAL. RGPD POL\u00cdTICA DE COOKIES POL\u00cdTICA ANTI SPAM LLEI APLICABLE I JURISDICCI\u00d3 COPYRIGHT AV\u00cdS LEGAL&nbsp; Fundaci\u00f3n de la Comunidad Valenciana para &hellip; Av\u00eds legal Read More &raquo;\" \/>\n<meta property=\"og:url\" content=\"https:\/\/missionsvalencia.eu\/municipisinnovadors\/ca\/aviso-legal\/\" \/>\n<meta property=\"og:site_name\" content=\"Missions per a municipis\" \/>\n<meta property=\"article:publisher\" content=\"https:\/\/www.facebook.com\/LasNavesINN\" \/>\n<meta property=\"article:modified_time\" content=\"2021-07-08T06:53:58+00:00\" \/>\n<meta property=\"og:image\" content=\"https:\/\/missionsvalencia.eu\/municipisinnovadors\/wp-content\/uploads\/2021\/07\/LogoPrincipalBlanco.png\" \/>\n\t<meta property=\"og:image:width\" content=\"1113\" \/>\n\t<meta property=\"og:image:height\" content=\"218\" \/>\n\t<meta property=\"og:image:type\" content=\"image\/png\" \/>\n<meta name=\"twitter:card\" content=\"summary_large_image\" \/>\n<meta name=\"twitter:site\" content=\"@LasNavesINN\" \/>\n<meta name=\"twitter:label1\" content=\"Est. reading time\" \/>\n\t<meta name=\"twitter:data1\" content=\"23 minutes\" \/>\n<script type=\"application\/ld+json\" class=\"yoast-schema-graph\">{\"@context\":\"https:\/\/schema.org\",\"@graph\":[{\"@type\":\"WebPage\",\"@id\":\"https:\/\/missionsvalencia.eu\/municipisinnovadors\/ca\/aviso-legal\/\",\"url\":\"https:\/\/missionsvalencia.eu\/municipisinnovadors\/ca\/aviso-legal\/\",\"name\":\"Av\u00eds legal - Missions per a municipis\",\"isPartOf\":{\"@id\":\"https:\/\/missionsvalencia.eu\/municipisinnovadors\/#website\"},\"datePublished\":\"2021-07-08T06:52:09+00:00\",\"dateModified\":\"2021-07-08T06:53:58+00:00\",\"breadcrumb\":{\"@id\":\"https:\/\/missionsvalencia.eu\/municipisinnovadors\/ca\/aviso-legal\/#breadcrumb\"},\"inLanguage\":\"val\",\"potentialAction\":[{\"@type\":\"ReadAction\",\"target\":[\"https:\/\/missionsvalencia.eu\/municipisinnovadors\/ca\/aviso-legal\/\"]}]},{\"@type\":\"BreadcrumbList\",\"@id\":\"https:\/\/missionsvalencia.eu\/municipisinnovadors\/ca\/aviso-legal\/#breadcrumb\",\"itemListElement\":[{\"@type\":\"ListItem\",\"position\":1,\"name\":\"Portada\",\"item\":\"https:\/\/missionsvalencia.eu\/municipisinnovadors\/ca\/\"},{\"@type\":\"ListItem\",\"position\":2,\"name\":\"Av\u00eds legal\"}]},{\"@type\":\"WebSite\",\"@id\":\"https:\/\/missionsvalencia.eu\/municipisinnovadors\/#website\",\"url\":\"https:\/\/missionsvalencia.eu\/municipisinnovadors\/\",\"name\":\"Missions per a municipis\",\"description\":\"Programa de innovaci\u00f3n para municipios orientados a Missions\",\"publisher\":{\"@id\":\"https:\/\/missionsvalencia.eu\/municipisinnovadors\/#organization\"},\"potentialAction\":[{\"@type\":\"SearchAction\",\"target\":{\"@type\":\"EntryPoint\",\"urlTemplate\":\"https:\/\/missionsvalencia.eu\/municipisinnovadors\/?s={search_term_string}\"},\"query-input\":\"required name=search_term_string\"}],\"inLanguage\":\"val\"},{\"@type\":\"Organization\",\"@id\":\"https:\/\/missionsvalencia.eu\/municipisinnovadors\/#organization\",\"name\":\"Missions per a municipis\",\"url\":\"https:\/\/missionsvalencia.eu\/municipisinnovadors\/\",\"logo\":{\"@type\":\"ImageObject\",\"inLanguage\":\"val\",\"@id\":\"https:\/\/missionsvalencia.eu\/municipisinnovadors\/#\/schema\/logo\/image\/\",\"url\":\"https:\/\/missionsvalencia.eu\/municipisinnovadors\/wp-content\/uploads\/2021\/07\/LogoPrincipalBlanco.png\",\"contentUrl\":\"https:\/\/missionsvalencia.eu\/municipisinnovadors\/wp-content\/uploads\/2021\/07\/LogoPrincipalBlanco.png\",\"width\":1113,\"height\":218,\"caption\":\"Missions per a municipis\"},\"image\":{\"@id\":\"https:\/\/missionsvalencia.eu\/municipisinnovadors\/#\/schema\/logo\/image\/\"},\"sameAs\":[\"https:\/\/www.instagram.com\/LASNAVES\/\",\"https:\/\/www.youtube.com\/channel\/UC71-dfd6_DBnNjmy544hb1Q\",\"https:\/\/www.flickr.com\/photos\/inndeavalencia\/\",\"https:\/\/www.facebook.com\/LasNavesINN\",\"https:\/\/twitter.com\/LasNavesINN\"]}]}<\/script>\n<!-- \/ Yoast SEO plugin. -->","yoast_head_json":{"title":"Av\u00eds legal - Missions per a municipis","robots":{"index":"index","follow":"follow","max-snippet":"max-snippet:-1","max-image-preview":"max-image-preview:large","max-video-preview":"max-video-preview:-1"},"canonical":"https:\/\/missionsvalencia.eu\/municipisinnovadors\/ca\/aviso-legal\/","og_locale":"en_US","og_type":"article","og_title":"Av\u00eds legal - Missions per a municipis","og_description":"AV\u00cdS LEGAL INFORME DE REGISTRE D\u2019ACTIVITATS DE TRACTAMENT DRETS DE PROPIETAT INTEL\u00b7LECTUAL I INDUSTRIAL EXEMPCI\u00d3 DE RESPONSABILITAT POL\u00cdTICA DE PROTECCI\u00d3 DE DADES I PRIVADESA DEURE INFORMAR SOBRE EL TRACTAMENT DE DADES A l\u2019AFECTAT INFORMACI\u00d3 ADDICIONAL. RGPD POL\u00cdTICA DE COOKIES POL\u00cdTICA ANTI SPAM LLEI APLICABLE I JURISDICCI\u00d3 COPYRIGHT AV\u00cdS LEGAL&nbsp; Fundaci\u00f3n de la Comunidad Valenciana para &hellip; Av\u00eds legal Read More &raquo;","og_url":"https:\/\/missionsvalencia.eu\/municipisinnovadors\/ca\/aviso-legal\/","og_site_name":"Missions per a municipis","article_publisher":"https:\/\/www.facebook.com\/LasNavesINN","article_modified_time":"2021-07-08T06:53:58+00:00","og_image":[{"width":1113,"height":218,"url":"https:\/\/missionsvalencia.eu\/municipisinnovadors\/wp-content\/uploads\/2021\/07\/LogoPrincipalBlanco.png","type":"image\/png"}],"twitter_card":"summary_large_image","twitter_site":"@LasNavesINN","twitter_misc":{"Est. reading time":"23 minutes"},"schema":{"@context":"https:\/\/schema.org","@graph":[{"@type":"WebPage","@id":"https:\/\/missionsvalencia.eu\/municipisinnovadors\/ca\/aviso-legal\/","url":"https:\/\/missionsvalencia.eu\/municipisinnovadors\/ca\/aviso-legal\/","name":"Av\u00eds legal - Missions per a municipis","isPartOf":{"@id":"https:\/\/missionsvalencia.eu\/municipisinnovadors\/#website"},"datePublished":"2021-07-08T06:52:09+00:00","dateModified":"2021-07-08T06:53:58+00:00","breadcrumb":{"@id":"https:\/\/missionsvalencia.eu\/municipisinnovadors\/ca\/aviso-legal\/#breadcrumb"},"inLanguage":"val","potentialAction":[{"@type":"ReadAction","target":["https:\/\/missionsvalencia.eu\/municipisinnovadors\/ca\/aviso-legal\/"]}]},{"@type":"BreadcrumbList","@id":"https:\/\/missionsvalencia.eu\/municipisinnovadors\/ca\/aviso-legal\/#breadcrumb","itemListElement":[{"@type":"ListItem","position":1,"name":"Portada","item":"https:\/\/missionsvalencia.eu\/municipisinnovadors\/ca\/"},{"@type":"ListItem","position":2,"name":"Av\u00eds legal"}]},{"@type":"WebSite","@id":"https:\/\/missionsvalencia.eu\/municipisinnovadors\/#website","url":"https:\/\/missionsvalencia.eu\/municipisinnovadors\/","name":"Missions per a municipis","description":"Programa de innovaci\u00f3n para municipios orientados a Missions","publisher":{"@id":"https:\/\/missionsvalencia.eu\/municipisinnovadors\/#organization"},"potentialAction":[{"@type":"SearchAction","target":{"@type":"EntryPoint","urlTemplate":"https:\/\/missionsvalencia.eu\/municipisinnovadors\/?s={search_term_string}"},"query-input":"required name=search_term_string"}],"inLanguage":"val"},{"@type":"Organization","@id":"https:\/\/missionsvalencia.eu\/municipisinnovadors\/#organization","name":"Missions per a municipis","url":"https:\/\/missionsvalencia.eu\/municipisinnovadors\/","logo":{"@type":"ImageObject","inLanguage":"val","@id":"https:\/\/missionsvalencia.eu\/municipisinnovadors\/#\/schema\/logo\/image\/","url":"https:\/\/missionsvalencia.eu\/municipisinnovadors\/wp-content\/uploads\/2021\/07\/LogoPrincipalBlanco.png","contentUrl":"https:\/\/missionsvalencia.eu\/municipisinnovadors\/wp-content\/uploads\/2021\/07\/LogoPrincipalBlanco.png","width":1113,"height":218,"caption":"Missions per a municipis"},"image":{"@id":"https:\/\/missionsvalencia.eu\/municipisinnovadors\/#\/schema\/logo\/image\/"},"sameAs":["https:\/\/www.instagram.com\/LASNAVES\/","https:\/\/www.youtube.com\/channel\/UC71-dfd6_DBnNjmy544hb1Q","https:\/\/www.flickr.com\/photos\/inndeavalencia\/","https:\/\/www.facebook.com\/LasNavesINN","https:\/\/twitter.com\/LasNavesINN"]}]}},"_links":{"self":[{"href":"https:\/\/missionsvalencia.eu\/municipisinnovadors\/ca\/wp-json\/wp\/v2\/pages\/497","targetHints":{"allow":["GET"]}}],"collection":[{"href":"https:\/\/missionsvalencia.eu\/municipisinnovadors\/ca\/wp-json\/wp\/v2\/pages"}],"about":[{"href":"https:\/\/missionsvalencia.eu\/municipisinnovadors\/ca\/wp-json\/wp\/v2\/types\/page"}],"author":[{"embeddable":true,"href":"https:\/\/missionsvalencia.eu\/municipisinnovadors\/ca\/wp-json\/wp\/v2\/users\/1"}],"replies":[{"embeddable":true,"href":"https:\/\/missionsvalencia.eu\/municipisinnovadors\/ca\/wp-json\/wp\/v2\/comments?post=497"}],"version-history":[{"count":1,"href":"https:\/\/missionsvalencia.eu\/municipisinnovadors\/ca\/wp-json\/wp\/v2\/pages\/497\/revisions"}],"predecessor-version":[{"id":498,"href":"https:\/\/missionsvalencia.eu\/municipisinnovadors\/ca\/wp-json\/wp\/v2\/pages\/497\/revisions\/498"}],"wp:attachment":[{"href":"https:\/\/missionsvalencia.eu\/municipisinnovadors\/ca\/wp-json\/wp\/v2\/media?parent=497"}],"curies":[{"name":"wp","href":"https:\/\/api.w.org\/{rel}","templated":true}]}}