{"id":495,"date":"2021-07-08T08:52:09","date_gmt":"2021-07-08T06:52:09","guid":{"rendered":"https:\/\/missionsvalencia.eu\/municipisinnovadors\/?page_id=495"},"modified":"2021-07-08T08:53:04","modified_gmt":"2021-07-08T06:53:04","slug":"aviso-legal","status":"publish","type":"page","link":"https:\/\/missionsvalencia.eu\/municipisinnovadors\/aviso-legal\/","title":{"rendered":"Aviso legal"},"content":{"rendered":"<ul>\n<li>\n<p align=\"justify\"><span lang=\"es-ES\"><b>AVISO LEGAL<\/b><\/span><\/p>\n<\/li>\n<li><a href=\"https:\/\/www.lasnaves.com\/wp-content\/uploads\/2021\/05\/Informe-Registro-de-Actividades-de-Tratamiento-v.5_Las-Naves_v2.docx3_.pdf\"><strong>INFORME DE REGISTRO DE ACTIVITADES DE TRATAMIENTO<\/strong><\/a><\/li>\n<li>\n<p align=\"justify\"><span lang=\"es-ES\"><b>DERECHOS DE PROPIEDAD INTELECTUAL E INDUSTRIAL <\/b><\/span><\/p>\n<\/li>\n<li>\n<p align=\"justify\"><span lang=\"es-ES\"><b>EXENCI\u00d3N DE RESPONSABILIDAD <\/b><\/span><\/p>\n<\/li>\n<li>\n<p align=\"justify\"><a href=\"https:\/\/www.lasnaves.com\/wp-content\/uploads\/2017\/08\/190320-Pol\u00edtica-de-Seguridad-de-la-Informaci\u00f3n-LAS-NAVES-Adapt.-ENS.pdf\"><span lang=\"es-ES\"><b>POL\u00cdTICA DE PROTECCI\u00d3N DE DATOS Y PRIVACIDAD<\/b><\/span><\/a><\/p>\n<\/li>\n<li>\n<p align=\"justify\"><span lang=\"es-ES\"><b>DEBER DE INFORMAR SOBRE EL TRATAMIENTO DE DATOS AL AFECTADO INFORMACI\u00d3N ADICIONAL. RGPD<\/b><\/span><\/p>\n<\/li>\n<li>\n<p align=\"justify\"><span lang=\"es-ES\"><b>POL\u00cdTICA DE COOKIES<\/b><\/span><\/p>\n<\/li>\n<li>\n<p align=\"justify\"><span lang=\"es-ES\"><b>POL\u00cdTICA ANTI SPAM<\/b><\/span><\/p>\n<\/li>\n<li>\n<p align=\"justify\"><span lang=\"es-ES\"><b>LEY APLICABLE Y JURISDICCI\u00d3N<\/b><\/span><\/p>\n<\/li>\n<li>\n<p align=\"justify\"><span lang=\"es-ES\"><b>COPYRIGHT<\/b><\/span><\/p>\n<\/li>\n<\/ul>\n<p align=\"justify\"><span lang=\"es-ES\"><u><b>AVISO LEGAL <\/b><\/u><\/span><\/p>\n<p align=\"justify\"><span lang=\"es-ES\">Fundaci\u00f3n de la Comunidad Valenciana para la Promoci\u00f3n Estrat\u00e9gica el Desarrollo y la Innovaci\u00f3n Urbana, con G98406002 y domicilio en PLAZA AYUNTAMIENTO, NUM. 1 C.P.: 46002 \u2013 VALENCIA (VALENCIA), inscrita en el Registro de Fundaciones de la Comunitat Valenciana, con el n\u00famero 560 (V) el 02 de febrero de 2012.<\/span><\/p>\n<p align=\"justify\"><span lang=\"es-ES\">1. Los derechos de propiedad intelectual de la Web www.lasnaves.com, su dise\u00f1o, estructura de navegaci\u00f3n, c\u00f3digos fuente, sus bases de datos as\u00ed como cada uno de los distintos elementos en \u00e9l contenidos son titularidad de Fundaci\u00f3n de la Comunidad Valenciana para la Promoci\u00f3n Estrat\u00e9gica el Desarrollo y la Innovaci\u00f3n Urbana , a quien corresponde \u00fanicamente el ejercicio exclusivo de los derechos de explotaci\u00f3n de los mismos en cualquier forma y, en especial, los derechos de reproducci\u00f3n, distribuci\u00f3n, comunicaci\u00f3n p\u00fablica y transformaci\u00f3n.<\/span><\/p>\n<p align=\"justify\"><span lang=\"es-ES\">2. Estas condiciones generales regulan el acceso y utilizaci\u00f3n del sitio Web que Fundaci\u00f3n de la Comunidad Valenciana para la Promoci\u00f3n Estrat\u00e9gica el Desarrollo y la Innovaci\u00f3n Urbana pone gratuitamente a disposici\u00f3n de los usuarios de Internet. El acceso a dicho sitio implica su aceptaci\u00f3n sin reservas. La utilizaci\u00f3n de determinados servicios ofrecidos en este sitio se regir\u00e1 adem\u00e1s por las condiciones particulares previstas en cada caso, las cuales se entender\u00e1n aceptadas por el mero uso de tales servicios.<\/span><\/p>\n<p align=\"justify\"><span lang=\"es-ES\">3. Los usuarios que accedan a la Web est\u00e1n expresamente autorizados para la visualizaci\u00f3n de toda la informaci\u00f3n, la impresi\u00f3n y descarga parcial del contenido s\u00f3lo y exclusivamente si concurren las siguientes condiciones: <\/span><\/p>\n<p align=\"justify\"><span lang=\"es-ES\">3.1) Que se realice cuando los elementos reproducidos sean destinados \u00fanicamente para uso personal y privado del usuario. Se proh\u00edbe, por tanto, expresamente su utilizaci\u00f3n con fines comerciales o para su distribuci\u00f3n, comunicaci\u00f3n p\u00fablica, transformaci\u00f3n o decompilaci\u00f3n, incluyendo su env\u00edo a trav\u00e9s de correo electr\u00f3nico. Tambi\u00e9n se proh\u00edbe que dichos contenidos sean cedidos o transmitidos a terceros o se instalen en cualquier servidor conectado directa o indirectamente a una red local e Internet, de forma que un grupo de terceros pueda tener acceso a dicha informaci\u00f3n. <\/span><\/p>\n<p align=\"justify\"><span lang=\"es-ES\">3.2) Que ninguno de los contenidos relacionados en esta Web sean modificados de manera alguna. <\/span><\/p>\n<p align=\"justify\"><span lang=\"es-ES\">3.3) Que ning\u00fan gr\u00e1fico, icono o imagen disponible en esta Web sea utilizado, copiado o distribuido separadamente del texto o resto de im\u00e1genes que lo acompa\u00f1an. Cualquier infracci\u00f3n de las prohibiciones y limitaciones contenidas en este apartado, as\u00ed como en cualquiera de los siguientes- se reputar\u00e1 infracci\u00f3n de los derechos de propiedad intelectual titularidad de Fundaci\u00f3n de la Comunidad Valenciana para la Promoci\u00f3n Estrat\u00e9gica el Desarrollo y la Innovaci\u00f3n Urbana y dar\u00e1 lugar a las responsabilidades legalmente establecidas al efecto, pudiendo ser perseguida por esta \u00faltima mediante el ejercicio de las acciones administrativas, civiles o penales que, en su caso, correspondan. <\/span><\/p>\n<p align=\"justify\"><a href=\"https:\/\/www.lasnaves.com\/wp-content\/uploads\/2021\/03\/Informe-Registro-de-Actividades-de-Tratamiento_Las-Naves.pdf\"><strong>INFORME DE REGISTRO DE ACTIVIDADES DE TRATAMIENTO<\/strong><\/a><\/p>\n<p align=\"left\"><span lang=\"es-ES\"><u><b>DERECHOS DE PROPIEDAD INTELECTUAL E INDUSTRIAL<\/b><\/u><\/span><\/p>\n<p align=\"justify\"><span lang=\"es-ES\">El Usuario reconoce y acepta que todos los derechos de propiedad industrial e intelectual sobre los contenidos y\/o cualesquiera otros elementos insertados en el Sitio Web (incluyendo, a t\u00edtulo meramente enunciativo y no limitativo, todos aquellos elementos que conforman la apariencia visual, imagen gr\u00e1fica y otros est\u00edmulos sensoriales de las p\u00e1ginas Web que conforman el sitio Web \u201cwww.lasnaves.com\u201d, marcas, logotipos, nombres comerciales, textos, cr\u00edticas y comentarios, im\u00e1genes, gr\u00e1ficos, dise\u00f1os, sonidos, bases de datos, software, diagramas de flujo, presentaci\u00f3n, arquitectura de navegaci\u00f3n, as\u00ed como los c\u00f3digos fuente de las p\u00e1ginas Web pertenecen a Fundaci\u00f3n de la Comunidad Valenciana para la Promoci\u00f3n Estrat\u00e9gica el Desarrollo y la Innovaci\u00f3n Urbana y\/o a terceros que le han cedido sus derechos. A tales efectos, se entender\u00e1 como Sitio Web todas aquellas creaciones incorporadas y expresadas por cualquier medio y\/o soporte tangible o intangible, conocido o por conocer, que sea objeto de protecci\u00f3n por las disposiciones normativas vigentes en materia de propiedad intelectual e industrial.<\/span><\/p>\n<p align=\"justify\"><span lang=\"es-ES\">Queda autorizada la mera visualizaci\u00f3n, impresi\u00f3n, descarga o almacenamiento temporal, ya sea en su totalidad o parcialmente, de los contenidos y\/o de los elementos insertados en el Sitio Web o en las p\u00e1ginas que lo conforman exclusivamente para su uso personal, privado y no lucrativo por el usuario siempre que en todo caso se indique el origen y\/o autor de los mismos y que, en su caso, aparezca el s\u00edmbolo del copyright y\/o notas de propiedad industrial de sus titulares.<\/span><\/p>\n<p align=\"justify\"><span lang=\"es-ES\">En ning\u00fan caso el acceso al Sitio Web implica ning\u00fan tipo de permiso, renuncia, transmisi\u00f3n, licencia o cesi\u00f3n total ni parcial de dichos derechos por parte de sus titulares, salvo que se establezca expresamente lo contrario. Las presentes condiciones de uso del Sitio Web no confieren a los Usuarios ning\u00fan otro derecho de utilizaci\u00f3n, alteraci\u00f3n, explotaci\u00f3n, reproducci\u00f3n, distribuci\u00f3n o comunicaci\u00f3n p\u00fablica del Sitio Web y\/o de sus Contenidos distintos de los aqu\u00ed expresamente previstos. Cualquier otro uso o explotaci\u00f3n de cualesquiera derechos estar\u00e1 sujeto a la previa y expresa autorizaci\u00f3n espec\u00edficamente otorgada a tal efecto por Fundaci\u00f3n de la Comunidad Valenciana para la Promoci\u00f3n Estrat\u00e9gica el Desarrollo y la Innovaci\u00f3n Urbana o, en su caso, por el tercero titular de los derechos afectados.<\/span><\/p>\n<p align=\"justify\"><span lang=\"es-ES\">Queda terminantemente prohibida la utilizaci\u00f3n de tales elementos, su total o parcial reproducci\u00f3n, comunicaci\u00f3n y\/o distribuci\u00f3n con fines comerciales o lucrativos, as\u00ed como su modificaci\u00f3n, alteraci\u00f3n, descompilaci\u00f3n y\/o cualquier otro acto de explotaci\u00f3n del Sitio Web, sus p\u00e1ginas y\/o de los contenidos que en ellas se incorporan. Para cualquier otro uso distinto de los expresamente permitidos, ser\u00e1 necesario obtener el consentimiento previo por escrito del titular de los derechos de que se trate.<\/span><\/p>\n<p align=\"justify\"><span lang=\"es-ES\"><u><b>EXENCI\u00d3N DE RESPONSABILIDAD<\/b><\/u><\/span><\/p>\n<p align=\"justify\"><span lang=\"es-ES\">1. Fundaci\u00f3n de la Comunidad Valenciana para la Promoci\u00f3n Estrat\u00e9gica el Desarrollo y la Innovaci\u00f3n Urbana se reserva la facultad de efectuar siempre que sea necesario y sin necesidad de aviso previo, todas las modificaciones y actualizaciones de la informaci\u00f3n contenida en su Web, tanto en su versi\u00f3n en espa\u00f1ol como en otros idiomas-, de la configuraci\u00f3n y presentaci\u00f3n de \u00e9ste y de las condiciones de acceso. Los documentos y gr\u00e1ficos publicados en este sitio Web pueden incorporar imprecisiones t\u00e9cnicas o errores tipogr\u00e1ficos.<\/span><\/p>\n<p align=\"justify\"><span lang=\"es-ES\">2. Fundaci\u00f3n de la Comunidad Valenciana para la Promoci\u00f3n Estrat\u00e9gica el Desarrollo y la Innovaci\u00f3n Urbana proporciona los materiales y gr\u00e1ficos contenidos en este sitio Web sin garant\u00eda expresa o impl\u00edcita de ning\u00fan tipo. Fundaci\u00f3n de la Comunidad Valenciana para la Promoci\u00f3n Estrat\u00e9gica el Desarrollo y la Innovaci\u00f3n Urbana rechaza la existencia de cualquier garant\u00eda o condici\u00f3n impl\u00edcita en la informaci\u00f3n aqu\u00ed contenida, incluyendo garant\u00edas de viabilidad comercial, de no infracci\u00f3n de la propiedad intelectual o de adecuaci\u00f3n a cualquier objetivo espec\u00edfico.<\/span><\/p>\n<p align=\"justify\"><span lang=\"es-ES\">3. En ning\u00fan caso Fundaci\u00f3n de la Comunidad Valenciana para la Promoci\u00f3n Estrat\u00e9gica el Desarrollo y la Innovaci\u00f3n Urbana o sus proveedores ser\u00e1n responsables de cualquier tipo de da\u00f1os o perjuicios, incluyendo los derivados de una reducci\u00f3n de beneficios, de la interrupci\u00f3n del negocio o de una p\u00e9rdida de informaci\u00f3n debida al uso o mal uso de los materiales contenidos en este servidor, incluso en el caso de que Fundaci\u00f3n de la Comunidad Valenciana para la Promoci\u00f3n Estrat\u00e9gica el Desarrollo y la Innovaci\u00f3n Urbana haya sido avisada de la posibilidad de tales da\u00f1os o perjuicios.<\/span><\/p>\n<p align=\"justify\"><span lang=\"es-ES\">4. Fundaci\u00f3n de la Comunidad Valenciana para la Promoci\u00f3n Estrat\u00e9gica el Desarrollo y la Innovaci\u00f3n Urbana no garantiza la inexistencia de interrupciones o errores en el acceso a su Web ni en sus diferentes contenidos. Tampoco garantiza que \u00e9ste se encuentre siempre y en todos los casos actualizados, aunque desarrollar\u00e1 sus mejores esfuerzos para, en su caso, evitarlos, subsanarlos o actualizar dicho contenido lo antes posible. Fundaci\u00f3n de la Comunidad Valenciana para la Promoci\u00f3n Estrat\u00e9gica el Desarrollo y la Innovaci\u00f3n Urbana no asume ning\u00fan tipo de responsabilidad por cualquiera de las informaciones contenidas en otras Web a las que la Web pueda remitir a trav\u00e9s de enlaces hipertextuales o \u201clinks\u201d.<\/span><\/p>\n<p align=\"justify\"><span lang=\"es-ES\">5. Fundaci\u00f3n de la Comunidad Valenciana para la Promoci\u00f3n Estrat\u00e9gica el Desarrollo y la Innovaci\u00f3n Urbana no asume responsabilidad alguna derivada de la concesi\u00f3n o contenidos de los enlaces de terceros a los que se hace referencia en la Web www.lasnaves.com, ni garantiza la ausencia de virus u otros elementos en los mismos que puedan producir alteraciones en el sistema inform\u00e1tico (hardware y software), los documentos o los ficheros del usuario, excluyendo cualquier responsabilidad por los da\u00f1os de cualquier clase causados al usuario por este motivo. Por tanto, no se hace responsable del contenido de ninguno de ellos, ni de los cambios o actualizaciones que puedan experimentar.<\/span><\/p>\n<p align=\"justify\"><span lang=\"es-ES\">6. Tanto el acceso a este Web como el uso que pueda hacerse de la informaci\u00f3n contenida en el mismo es de la exclusiva responsabilidad de quien lo realiza. Fundaci\u00f3n de la Comunidad Valenciana para la Promoci\u00f3n Estrat\u00e9gica el Desarrollo y la Innovaci\u00f3n Urbana no responder\u00e1 de ninguna consecuencia, da\u00f1o o perjuicio que pudieran derivarse de dicho acceso o uso de la informaci\u00f3n. Fundaci\u00f3n de la Comunidad Valenciana para la Promoci\u00f3n Estrat\u00e9gica el Desarrollo y la Innovaci\u00f3n Urbana no se hace responsable de los posibles errores de seguridad que se puedan producir ni de los posibles da\u00f1os que puedan causarse al sistema inform\u00e1tico del usuario (hardware y software) as\u00ed como de los ficheros o documentos almacenados en el mismo, como consecuencia de la presencia de virus en el ordenador del usuario utilizado para la conexi\u00f3n a los servicios y contenidos de la Web, de un mal funcionamiento del navegador o del uso de versiones no actualizadas del mismo.<\/span><\/p>\n<p align=\"justify\"><span lang=\"es-ES\">7. Asimismo Fundaci\u00f3n de la Comunidad Valenciana para la Promoci\u00f3n Estrat\u00e9gica el Desarrollo y la Innovaci\u00f3n Urbana es titular de los derechos de propiedad industrial referidos a sus productos y servicios, y espec\u00edficamente de los relativos a la marca registrada. Respecto a las citas de productos y servicios de terceros Fundaci\u00f3n de la Comunidad Valenciana para la Promoci\u00f3n Estrat\u00e9gica el Desarrollo y la Innovaci\u00f3n Urbana reconoce a favor de sus titulares los correspondientes derechos de propiedad industrial e intelectual, no implicando su sola menci\u00f3n o aparici\u00f3n en el Web la existencia de derechos o responsabilidad alguna de Fundaci\u00f3n de la Comunidad Valenciana para la Promoci\u00f3n Estrat\u00e9gica el Desarrollo y la Innovaci\u00f3n Urbana sobre los mismos, como tampoco respaldo, patrocinio, recomendaci\u00f3n por parte de Fundaci\u00f3n de la Comunidad Valenciana para la Promoci\u00f3n Estrat\u00e9gica el Desarrollo y la Innovaci\u00f3n Urbana .<\/span><\/p>\n<p align=\"justify\"><span lang=\"es-ES\">8. El uso no autorizado de cualquier informaci\u00f3n contenida en esta Web, su reventa, as\u00ed como la lesi\u00f3n de los derechos de Propiedad Intelectual o Industrial de Fundaci\u00f3n de la Comunidad Valenciana para la Promoci\u00f3n Estrat\u00e9gica el Desarrollo y la Innovaci\u00f3n Urbana dar\u00e1 lugar a las responsabilidades legalmente establecidas.<\/span><\/p>\n<p align=\"justify\"><span lang=\"es-ES\">9. Cualquier tipo de enlace de terceros a esta Web debe serlo a la p\u00e1gina principal o de entrada: www.lasnaves.com. <\/span><\/p>\n<p align=\"justify\"><span lang=\"es-ES\"><u><b>POL\u00cdTICA DE PROTECCI\u00d3N DE DATOS Y PRIVACIDAD<\/b><\/u><\/span><\/p>\n<p align=\"justify\"><span lang=\"es-ES\">Fundaci\u00f3n de la Comunidad Valenciana para la Promoci\u00f3n Estrat\u00e9gica el Desarrollo y la Innovaci\u00f3n Urbana (en adelante), como responsable de la presente Web y de conformidad con lo dispuesto por la Legislaci\u00f3n vigente en Protecci\u00f3n de Datos de Car\u00e1cter Personal, el nuevo Reglamento Europeo 679\/2016 y la Ley de la Sociedad de Informaci\u00f3n y de Comercio Electr\u00f3nico (LSSI-CE 34\/2002, de 11 de junio) ha puesto en pr\u00e1ctica pol\u00edticas, medios y procedimientos para garantizar y proteger la privacidad de los datos de car\u00e1cter personal de sus USUARIOS.<\/span><\/p>\n<p align=\"justify\"><span lang=\"es-ES\"><u><b>DEBER DE INFORMAR SOBRE EL TRATAMIENTO DE DATOS AL AFECTADO INFORMACI\u00d3N ADICIONAL. RGPD<\/b><\/u><\/span><\/p>\n<p align=\"justify\"><span lang=\"es-ES\"><b>Responsable del Tratamiento:<\/b><\/span><\/p>\n<p align=\"justify\"><span lang=\"es-ES\">Fundaci\u00f3n de la Comunidad Valenciana para la Promoci\u00f3n Estrat\u00e9gica el Desarrollo y la Innovaci\u00f3n Urbana , con C.I.F.: G98406002, y domicilio en PLAZA AYUNTAMIENTO, NUM. 1 C.P.: 46002 \u2013 VALENCIA (VALENCIA).<\/span><\/p>\n<p align=\"justify\"><span lang=\"es-ES\"><b>RELACI\u00d3N DE ACTIVIDADES DE TRATAMIENTO<\/b><\/span><\/p>\n<p align=\"left\"><span lang=\"es-ES\"><b>Contacte con el Responsable para obtener Informaci\u00f3n Adicional sobre el tratamiento de los datos.<\/b><\/span><\/p>\n<ul>\n<li>\n<p align=\"justify\"><span lang=\"es-ES\"><b>Identidad y direcci\u00f3n del Responsable del Tratamiento<\/b><\/span><\/p>\n<\/li>\n<\/ul>\n<p align=\"justify\"><span lang=\"es-ES\">El titular y responsable del tratamiento es Fundaci\u00f3n de la Comunidad Valenciana para la Promoci\u00f3n Estrat\u00e9gica el Desarrollo y la Innovaci\u00f3n Urbana . Servicios Prestados a trav\u00e9s del Sitio Web trav\u00e9s de las distintas \u00e1reas que forman parte de la presente Web, los USUARIOS pueden: obtener informaci\u00f3n, consultar y contratar servicios ofrecidos en el Sitio Web. La simple navegaci\u00f3n por la Web tiene car\u00e1cter gratuito y no exige el registro previo por parte de los USUARIOS. Los \u00fanicos datos personales a los que el responsable del tratamiento tendr\u00e1 acceso ser\u00e1n aquellos que le sean facilitados voluntariamente a fin de posibilitar el acceso, uso o contrataci\u00f3n de los servicios facilitados a trav\u00e9s del Sitio Web. <\/span><\/p>\n<ul>\n<li>\n<p align=\"justify\"><span lang=\"es-ES\"><b>Tratamiento de los Datos y su Confidencialidad <\/b><\/span><\/p>\n<\/li>\n<\/ul>\n<p align=\"justify\"><span lang=\"es-ES\">Los datos que se faciliten se incorporar\u00e1n a actividades de tratamiento, cuya titularidad y responsabilidad viene ostentada por Fundaci\u00f3n de la Comunidad Valenciana para la Promoci\u00f3n Estrat\u00e9gica el Desarrollo y la Innovaci\u00f3n Urbana , y ser\u00e1n tratados con absoluta confidencialidad. <\/span><\/p>\n<p align=\"justify\"><span lang=\"es-ES\">La entidad responsable del tratamiento, as\u00ed como los que intervengan en cualquier fase del tratamiento y\/o las entidades a quienes les hayan sido comunicadas -en virtud de la autorizaci\u00f3n conferida por el USUARIO- est\u00e1n obligadas a observar el secreto profesional y adoptar\u00e1n los niveles de protecci\u00f3n y las medidas t\u00e9cnicas y organizativas necesarias a su alcance que garanticen la seguridad de los datos de car\u00e1cter personal, evitando, en la medida de lo posible, accesos no autorizados, modificaciones il\u00edcitas, sustracciones y\/o la p\u00e9rdida de los datos. <\/span><\/p>\n<p align=\"justify\"><span lang=\"es-ES\">No obstante, se advierte e informa a los USUARIOS que las medidas t\u00e9cnicas no son infalibles ni inexpugnables, motivo por el cual, el responsable del tratamiento no podr\u00e1 tenerse por responsable de tales pr\u00e1cticas ni de sus consecuencias. <\/span><\/p>\n<p align=\"justify\"><span lang=\"es-ES\">Los datos de car\u00e1cter personal de los USUARIOS, junto con los que se originen como consecuencia del acceso, uso o contrataci\u00f3n del servicio, s\u00f3lo podr\u00e1n ser objeto de tratamiento automatizado y cedidos en la forma y con la finalidad establecida y expresamente autorizada por los USUARIOS. <\/span><\/p>\n<ul>\n<li>\n<p align=\"justify\"><span lang=\"es-ES\"><b>Segmentaci\u00f3n y Categorizaci\u00f3n de los Datos <\/b><\/span><\/p>\n<\/li>\n<\/ul>\n<p align=\"justify\"><span lang=\"es-ES\">El registro de los datos personales aportados en el momento de suscripci\u00f3n o contrataci\u00f3n de cursos, seminarios, publicaciones, productos u otros servicios, y cualquier otro facilitado durante su relaci\u00f3n, comportar\u00e1 adem\u00e1s la aceptaci\u00f3n de car\u00e1cter voluntario por su parte con relaci\u00f3n al tratamiento de dichos datos personales por Fundaci\u00f3n de la Comunidad Valenciana para la Promoci\u00f3n Estrat\u00e9gica el Desarrollo y la Innovaci\u00f3n Urbana a fin de ser segmentados o categorizados con la finalidad de aplicarlos a la actividad relacionada con la gesti\u00f3n de administraci\u00f3n general, informaci\u00f3n, comercializaci\u00f3n de nuestros servicios, elaborar perfiles, an\u00e1lisis de propuestas solicitadas por los USUARIOS\/CLIENTES, estudio estad\u00edstico de los servicios y contenidos utilizados, gustos y preferencias, encuestas o formularios. <\/span><\/p>\n<ul>\n<li>\n<p align=\"justify\"><sub><span lang=\"es-ES\"><b>Comunicaci\u00f3n de los datos<\/b><\/span><\/sub><\/p>\n<\/li>\n<\/ul>\n<p align=\"justify\"><span lang=\"es-ES\">El facilitar los datos personales por parte de los USUARIOS supone tambi\u00e9n la aceptaci\u00f3n voluntaria y expresa de la cesi\u00f3n y transmisi\u00f3n de dichos datos, con iguales fines que los anteriormente indicados, a otras entidades del entorno Fundaci\u00f3n de la Comunidad Valenciana para la Promoci\u00f3n Estrat\u00e9gica el Desarrollo y la Innovaci\u00f3n Urbana , auxiliares y\/o colaboradoras, as\u00ed como autorizar al responsable del tratamiento para recibir de las citadas entidades del entorno Fundaci\u00f3n de la Comunidad Valenciana para la Promoci\u00f3n Estrat\u00e9gica el Desarrollo y la Innovaci\u00f3n Urbana informaciones obrantes en sus archivos, incluso de forma interconectada, para las finalidades se\u00f1aladas. <\/span><\/p>\n<p align=\"justify\"><span lang=\"es-ES\">Fundaci\u00f3n de la Comunidad Valenciana para la Promoci\u00f3n Estrat\u00e9gica el Desarrollo y la Innovaci\u00f3n Urbana enviar\u00e1 a terceros informaci\u00f3n que permita su identificaci\u00f3n cuando: <\/span><\/p>\n<p align=\"justify\"><span lang=\"es-ES\">\u2013 Hayamos obtenido su permiso para compartir dicha informaci\u00f3n.<\/span><\/p>\n<p align=\"justify\"><span lang=\"es-ES\">\u2013 Necesitemos compartir dicha informaci\u00f3n para proporcionarle el producto o servicio que haya solicitado.<\/span><\/p>\n<p align=\"justify\"><span lang=\"es-ES\">\u2013 Necesitemos enviar dicha informaci\u00f3n a empresas que trabajan con Fundaci\u00f3n de la Comunidad Valenciana para la Promoci\u00f3n Estrat\u00e9gica el Desarrollo y la Innovaci\u00f3n Urbana para proporcionarle el producto o servicio que haya solicitado. (A menos que le informemos de lo contrario, estas empresas no tienen derecho a utilizar la informaci\u00f3n de identificaci\u00f3n que les suministremos m\u00e1s que en lo necesario para ayudarnos).<\/span><\/p>\n<p align=\"justify\"><span lang=\"es-ES\">\u2013 Respondamos a citaciones o requerimientos legales, as\u00ed como a \u00f3rdenes judiciales; o cuando estimemos que sus actividades en nuestros sitios Web violan cualquiera de las instrucciones de uso de nuestros productos o servicios. <\/span><\/p>\n<p align=\"left\"><span lang=\"es-ES\"><b>POL\u00cdTICA DE COOKIES<\/b><\/span><\/p>\n<p align=\"left\"><span lang=\"es-ES\">Fundaci\u00f3n de la Comunidad Valenciana para la Promoci\u00f3n Estrat\u00e9gica el Desarrollo y la Innovaci\u00f3n Urbana \u00a0utiliza cookies para mejorar la experiencia de los usuarios, facilitando la navegaci\u00f3n por nuestra web. Estamos haciendo todo lo posible por facilitar el uso de dichas cookies, as\u00ed como su gesti\u00f3n y control al utilizar nuestros servicios.<\/span><\/p>\n<p align=\"left\"><span lang=\"es-ES\">\u00bfQu\u00e9 son las cookies?<\/span><\/p>\n<p align=\"left\"><span lang=\"es-ES\">Las cookies son peque\u00f1os archivos de texto que se almacenan en el dispositivo del usuario de Internet al visitar una p\u00e1gina web. Es el operador del sitio web el que determina qu\u00e9 tipo de informaci\u00f3n contiene dicha cookie y cu\u00e1l es su prop\u00f3sito, pudiendo adem\u00e1s ser utilizada por el servidor web cada vez que visite dicha web. Se utilizan las cookies para ahorrar tiempo y hacer la experiencia de navegaci\u00f3n web mucho m\u00e1s eficiente. No obstante, pueden ser usadas con varios prop\u00f3sitos diferentes que van desde recordar la informaci\u00f3n de inicio de sesi\u00f3n o lo que contiene su pedido de compra.<\/span><\/p>\n<p align=\"left\"><span lang=\"es-ES\">Existen una gran cantidad de gu\u00edas en las que se explica lo que son las cookies, y para qu\u00e9 se utilizan. <\/span><\/p>\n<p align=\"left\"><span lang=\"es-ES\">Para m\u00e1s informaci\u00f3n:<\/span><\/p>\n<ul>\n<li>\n<p align=\"left\"><a href=\"http:\/\/www.allaboutcookies.org\"><span lang=\"es-ES\"><u>http:\/\/www.allaboutcookies.org<\/u><\/span><\/a><\/p>\n<\/li>\n<li>\n<p align=\"left\"><a href=\"https:\/\/es.wikipedia.org\/wiki\/Cookie_(inform%C3%A1tica)\"><span lang=\"es-ES\"><u>https:\/\/es.wikipedia.org\/wiki\/Cookie<\/u><\/span><\/a><\/p>\n<\/li>\n<\/ul>\n<p align=\"left\"><span lang=\"es-ES\">Tipos de cookies seg\u00fan la entidad que las gestione:<\/span><\/p>\n<p align=\"left\"><span lang=\"es-ES\">\u2013 Cookies propias: <\/span><br \/>\n<span lang=\"es-ES\">Son aqu\u00e9llas que se env\u00edan al equipo terminal del usuario desde un equipo o dominio gestionado por el propio editor y desde el que se presta el servicio solicitado por el usuario.<\/span><\/p>\n<p align=\"left\"><span lang=\"es-ES\">\u2013 Cookies de tercero: <\/span><br \/>\n<span lang=\"es-ES\">Son aqu\u00e9llas que se env\u00edan al equipo terminal del usuario desde un equipo o dominio que no es gestionado por el editor, sino por otra entidad que trata los datos obtenidos trav\u00e9s de las cookies.<\/span><\/p>\n<p align=\"left\"><span lang=\"es-ES\">Tipos de cookies seg\u00fan el plazo de tiempo que permanecen activadas:<\/span><\/p>\n<p align=\"left\"><span lang=\"es-ES\">\u2013 Cookies de sesi\u00f3n: <\/span><br \/>\n<span lang=\"es-ES\">Son un tipo de cookies dise\u00f1adas para recabar y almacenar datos mientras el usuario accede a una p\u00e1gina web.<\/span><\/p>\n<p align=\"left\"><span lang=\"es-ES\">\u2013 Cookies persistentes: <\/span><br \/>\n<span lang=\"es-ES\">Son un tipo de cookies en el que los datos siguen almacenados en el terminal y pueden ser accedidos y tratados durante un periodo definido por el responsable de la cookie, y que puede ir de unos minutos a varios a\u00f1os.<\/span><\/p>\n<p align=\"left\"><span lang=\"es-ES\">Tipos de cookies seg\u00fan su finalidad:<\/span><\/p>\n<p align=\"left\"><span lang=\"es-ES\">\u2013 Cookies t\u00e9cnicas: <\/span><br \/>\n<span lang=\"es-ES\">Son aqu\u00e9llas que permiten al usuario la navegaci\u00f3n a trav\u00e9s de una p\u00e1gina web, plataforma o aplicaci\u00f3n y la utilizaci\u00f3n de las diferentes opciones o servicios que en ella existan como, por ejemplo, controlar el tr\u00e1fico y la comunicaci\u00f3n de datos, identificar la sesi\u00f3n, acceder a partes de acceso restringido, recordar los elementos que integran un pedido, realizar el proceso de compra de un pedido, realizar la solicitud de inscripci\u00f3n o participaci\u00f3n en un evento, utilizar elementos de seguridad durante la navegaci\u00f3n, almacenar contenidos para la difusi\u00f3n de videos o sonido o compartir contenidos a trav\u00e9s de redes sociales.<\/span><\/p>\n<p align=\"left\"><span lang=\"es-ES\">\u2013 Cookies de personalizaci\u00f3n:<\/span><br \/>\n<span lang=\"es-ES\"> Son aqu\u00e9llas que permiten al usuario acceder al servicio con algunas caracter\u00edsticas de car\u00e1cter general predefinidas en funci\u00f3n de una serie de criterios en el terminal del usuario como por ejemplo serian el idioma, el tipo de navegador a trav\u00e9s del cual accede al servicio, la configuraci\u00f3n regional desde donde accede al servicio, etc.<\/span><\/p>\n<p align=\"left\"><span lang=\"es-ES\">\u2013 Cookies de an\u00e1lisis: <\/span><br \/>\n<span lang=\"es-ES\">Son aqu\u00e9llas que permiten al responsable de las mismas, el seguimiento y an\u00e1lisis del comportamiento de los usuarios de los sitios web a los que est\u00e1n vinculadas. La informaci\u00f3n recogida mediante este tipo de cookies se utiliza en la medici\u00f3n de la actividad de los sitios web, aplicaci\u00f3n o plataforma y para la elaboraci\u00f3n de perfiles de navegaci\u00f3n de los usuarios de dichos sitios, aplicaciones y plataformas, con el fin de introducir mejoras en funci\u00f3n del an\u00e1lisis de los datos de uso que hacen los usuarios del servicio. <\/span><\/p>\n<p align=\"left\"><span lang=\"es-ES\">\u2013 Cookies publicitarias: <\/span><br \/>\n<span lang=\"es-ES\">Son aqu\u00e9llas que permiten la gesti\u00f3n, de la forma m\u00e1s eficaz posible, de los espacios publicitarios que, en su caso, el editor haya incluido en una p\u00e1gina web, aplicaci\u00f3n o plataforma desde la que presta el servicio solicitado en base a criterios como el contenido editado o la frecuencia en la que se muestran los anuncios. <\/span><\/p>\n<p align=\"left\"><span lang=\"es-ES\">\u2013 Cookies de publicidad comportamental: <\/span><\/p>\n<p align=\"left\"><span lang=\"es-ES\">Son aqu\u00e9llas que permiten la gesti\u00f3n, de la forma m\u00e1s eficaz posible, de los espacios publicitarios que, en su caso, el editor haya incluido en una p\u00e1gina web, aplicaci\u00f3n o plataforma desde la que presta el servicio solicitado. Estas cookies almacenan informaci\u00f3n del comportamiento de los usuarios obtenida a trav\u00e9s de la observaci\u00f3n continuada de sus h\u00e1bitos de navegaci\u00f3n, lo que permite desarrollar un perfil espec\u00edfico para mostrar publicidad en funci\u00f3n del mismo.<\/span><\/p>\n<p align=\"left\"><span lang=\"es-ES\">Cookies utilizadas por Fundaci\u00f3n de la Comunidad Valenciana para la Promoci\u00f3n Estrat\u00e9gica el Desarrollo y la Innovaci\u00f3n Urbana .<\/span><\/p>\n<p align=\"left\"><span lang=\"es-ES\">Fundaci\u00f3n de la Comunidad Valenciana para la Promoci\u00f3n Estrat\u00e9gica el Desarrollo y la Innovaci\u00f3n Urbana \u00a0tan solo utilizar\u00e1 las cookies que Usted nos deje utilizar. Podr\u00e1 controlar sus cookies a trav\u00e9s de su navegador. Podr\u00e1 encontrar m\u00e1s informaci\u00f3n al respecto m\u00e1s adelante.\u00a0<\/span><\/p>\n<table width=\"605\" cellspacing=\"1\" cellpadding=\"0\">\n<colgroup>\n<col width=\"50\" \/>\n<col width=\"58\" \/>\n<col width=\"125\" \/>\n<col width=\"125\" \/>\n<col width=\"240\" \/> <\/colgroup>\n<tbody>\n<tr>\n<td width=\"50\" height=\"16\">\n<p align=\"left\"><span lang=\"es-ES\">Nombre<\/span><\/p>\n<\/td>\n<td width=\"58\">\n<p align=\"left\"><span lang=\"es-ES\">Finalidad<\/span><\/p>\n<\/td>\n<td width=\"125\">\n<p align=\"left\"><span lang=\"es-ES\">Categor\u00eda seg\u00fan Finalidad<\/span><\/p>\n<\/td>\n<td width=\"125\">\n<p align=\"left\"><span lang=\"es-ES\">Categor\u00eda seg\u00fan Duraci\u00f3n<\/span><\/p>\n<\/td>\n<td width=\"240\">\n<p align=\"left\"><span lang=\"es-ES\">Categor\u00eda seg\u00fan Gestor<\/span><\/p>\n<\/td>\n<\/tr>\n<tr>\n<td width=\"50\" height=\"18\">Google Analytics:<\/td>\n<td width=\"58\">servicios de rastreo y estad\u00edsticas<\/td>\n<td width=\"125\"><\/td>\n<td width=\"125\"><\/td>\n<td width=\"240\"><\/td>\n<\/tr>\n<tr>\n<td width=\"50\" height=\"18\"><\/td>\n<td width=\"58\"><\/td>\n<td width=\"125\"><\/td>\n<td width=\"125\"><\/td>\n<td width=\"240\"><\/td>\n<\/tr>\n<tr>\n<td width=\"50\" height=\"17\"><\/td>\n<td width=\"58\"><\/td>\n<td width=\"125\"><\/td>\n<td width=\"125\"><\/td>\n<td width=\"240\"><\/td>\n<\/tr>\n<\/tbody>\n<\/table>\n<p align=\"left\"><span lang=\"es-ES\">Configuraci\u00f3n de cookies y revocaci\u00f3n del consentimiento:\u00a0<\/span><\/p>\n<p align=\"left\"><span lang=\"es-ES\">Usted puede gestionar las cookies a trav\u00e9s de la configuraci\u00f3n de su navegador o dispositivo, en el caso de que decida bloquearlas, es posible que ciertos servicios que necesitan su uso no est\u00e9n disponibles para usted.\u00a0<\/span><\/p>\n<p align=\"left\"><span lang=\"es-ES\">Puede llevar a cabo la gesti\u00f3n de las cookies en las siguientes ubicaciones de los navegadores m\u00e1s populares:<\/span><\/p>\n<p align=\"left\">\u2022 <span lang=\"es-ES\">Internet Explorer: Herramientas -&gt; Opciones de Internet -&gt; Privacidad -&gt; Configuraci\u00f3n.\u00a0<\/span><br \/>\n<span lang=\"es-ES\">Para m\u00e1s informaci\u00f3n, puede consultar el soporte de Microsoft o la Ayuda del navegador.\u00a0<\/span><br \/>\n<span lang=\"es-ES\">\u2022 Firefox: Herramientas -&gt; Opciones -&gt; Privacidad -&gt; Historial -&gt; Configuraci\u00f3n Personalizada.\u00a0<\/span><br \/>\n<span lang=\"es-ES\">Para m\u00e1s informaci\u00f3n, puede consultar el soporte de Mozilla o la Ayuda del navegador.\u00a0<\/span><br \/>\n<span lang=\"es-ES\">\u2022 Chrome: Configuraci\u00f3n -&gt; Mostrar opciones avanzadas -&gt; Privacidad -&gt; Configuraci\u00f3n de contenido.\u00a0<\/span><br \/>\n<span lang=\"es-ES\">Para m\u00e1s informaci\u00f3n, puede consultar el soporte de Google o la Ayuda del navegador.\u00a0<\/span><br \/>\n<span lang=\"es-ES\">\u2022 Safari: Preferencias -&gt; Seguridad. 4\u00a0<\/span><br \/>\n<span lang=\"es-ES\">Para m\u00e1s informaci\u00f3n, puede consultar el soporte de Apple o la Ayuda del navegador.<\/span><\/p>\n<ul>\n<li>\n<p align=\"justify\"><span lang=\"es-ES\"><b>Modificaci\u00f3n de la Pol\u00edtica de Protecci\u00f3n de Datos, de Privacidad y de Cookies<\/b><\/span><\/p>\n<\/li>\n<\/ul>\n<p align=\"justify\"><span lang=\"es-ES\">Finalmente les informamos que el responsable del tratamiento se reserva el derecho a modificar la presente pol\u00edtica de protecci\u00f3n de datos, privacidad y cookies para adaptarla a las novedades legislativas o jurisprudenciales as\u00ed como a las modificaciones o pr\u00e1cticas de la industria, si bien se avisar\u00e1, con la debida antelaci\u00f3n, de los cambios que se vayan a introducir y del momento en que comenzar\u00e1n a surtir plenos efectos. <\/span><\/p>\n<p align=\"justify\"><span lang=\"es-ES\"><u><b>POLITICA ANTI SPAM<\/b><\/u><\/span><\/p>\n<p align=\"justify\"><span lang=\"es-ES\">Las personas que reciben alguna\/s de las comunicaciones, informaciones, boletines, publicidad electr\u00f3nicas de Fundaci\u00f3n de la Comunidad Valenciana para la Promoci\u00f3n Estrat\u00e9gica el Desarrollo y la Innovaci\u00f3n Urbana las reciben por los siguientes motivos: <\/span><\/p>\n<p align=\"justify\"><span lang=\"es-ES\">\u2013 Por registro on line desde esta p\u00e1gina. <\/span><\/p>\n<p align=\"justify\"><span lang=\"es-ES\">\u2013 Por registro on line desde las p\u00e1ginas de colaboradores.<\/span><\/p>\n<p align=\"justify\"><span lang=\"es-ES\">\u2013 Por solicitud de informaci\u00f3n de nuestros productos y servicios. <\/span><\/p>\n<p align=\"justify\"><span lang=\"es-ES\">\u2013 Por haber facilitado su informaci\u00f3n a alguno de nuestros Colaboradores o Empleados. <\/span><\/p>\n<p align=\"justify\"><span lang=\"es-ES\">\u2013 Por registro off line al rellenar formularios, boletines, solicitudes, etc., que se ofrecen en ferias, oficinas, colaboradores y que quedan archivadas para ulterior comprobaci\u00f3n durante 5 a\u00f1os.<\/span><\/p>\n<p align=\"justify\"><span lang=\"es-ES\">Nuestras comunicaciones no quieren llegar a ninguna persona que no lo desee, por ello, y para poder corregir la situaci\u00f3n que a veces puede darse de que alguna persona pueda dar de alta a otra sin su consentimiento, hemos incorporado a este sistema de suscripci\u00f3n un filtro basado en una \u201clista no contacto\u201d que impide que se pueda dar el alta a cualquier direcci\u00f3n de correo Incluida en la misma. <\/span><\/p>\n<p align=\"justify\"><span lang=\"es-ES\">Por ello, si usted no quiere recibir nunca nuestras comunicaciones e impedir que nadie pueda darle de alta contra su voluntad, le rogamos nos remita un correo electr\u00f3nico a enrique.lapenya@lasnaves.com indicando en el ASUNTO: \u201cBAJA LISTA\u201d y nosotros incluiremos en la \u201clista no contacto\u201d aquella direcci\u00f3n desde la que se nos remita este e-mail. <\/span><\/p>\n<p align=\"justify\"><span lang=\"es-ES\">Si tiene alg\u00fan problema para hacerlo de forma electr\u00f3nica, no dude en contactar con nosotros al tel\u00e9fono (+34) 963910477 en horario de oficina, donde una persona le atender\u00e1 personalmente y realizar\u00e1 dicho tr\u00e1mite. <\/span><\/p>\n<p align=\"justify\"><span lang=\"es-ES\"><u><b>LEY APLICABLE Y JURISDICCI\u00d3N <\/b><\/u><\/span><\/p>\n<p align=\"justify\"><span lang=\"es-ES\">La Ley aplicable en caso de disputa o conflicto de interpretaci\u00f3n de los t\u00e9rminos que conforman este Aviso Legal, as\u00ed como cualquier cuesti\u00f3n relacionada con los servicios de la presente web, ser\u00e1 la espa\u00f1ola.<\/span><\/p>\n<p align=\"justify\"><span lang=\"es-ES\">Para la resoluci\u00f3n de cualquier conflicto que pueda surgir con ocasi\u00f3n de la visita a la web, Fundaci\u00f3n de la Comunidad Valenciana para la Promoci\u00f3n Estrat\u00e9gica el Desarrollo y la Innovaci\u00f3n Urbana y el usuario acuerdan someterse a los jueces y tribunales de lo mercantil de Valencia<\/span><\/p>\n<p align=\"justify\"><span lang=\"es-ES\"><u><b>COPYRIGHT <\/b><\/u><\/span><\/p>\n<p align=\"justify\"><span lang=\"es-ES\"><b>Copyright: Dise\u00f1o y desarrollo realizado por Fundaci\u00f3n de la Comunidad Valenciana para la Promoci\u00f3n Estrat\u00e9gica el Desarrollo y la Innovaci\u00f3n Urbana \u00a9 Fundaci\u00f3n de la Comunidad Valenciana para la Promoci\u00f3n Estrat\u00e9gica el Desarrollo y la Innovaci\u00f3n Urbana todos los derechos reservados<\/b><\/span><span lang=\"es-ES\"><b>.<\/b><\/span><\/p>\n","protected":false},"excerpt":{"rendered":"<p>AVISO LEGAL INFORME DE REGISTRO DE ACTIVITADES DE TRATAMIENTO DERECHOS DE PROPIEDAD INTELECTUAL E INDUSTRIAL EXENCI\u00d3N DE RESPONSABILIDAD POL\u00cdTICA DE PROTECCI\u00d3N DE DATOS Y PRIVACIDAD DEBER DE INFORMAR SOBRE EL TRATAMIENTO DE DATOS AL AFECTADO INFORMACI\u00d3N ADICIONAL. RGPD POL\u00cdTICA DE COOKIES POL\u00cdTICA ANTI SPAM LEY APLICABLE Y JURISDICCI\u00d3N COPYRIGHT AVISO LEGAL Fundaci\u00f3n de la Comunidad &hellip;<\/p>\n<p class=\"read-more\"> <a class=\"\" href=\"https:\/\/missionsvalencia.eu\/municipisinnovadors\/aviso-legal\/\"> <span class=\"screen-reader-text\">Aviso legal<\/span> Leer m\u00e1s &raquo;<\/a><\/p>\n","protected":false},"author":1,"featured_media":0,"parent":0,"menu_order":0,"comment_status":"closed","ping_status":"closed","template":"","meta":{"site-sidebar-layout":"default","site-content-layout":"default","ast-global-header-display":"","ast-main-header-display":"","ast-hfb-above-header-display":"","ast-hfb-below-header-display":"","ast-hfb-mobile-header-display":"","site-post-title":"","ast-breadcrumbs-content":"","ast-featured-img":"","footer-sml-layout":"","theme-transparent-header-meta":"default","adv-header-id-meta":"","stick-header-meta":"default","header-above-stick-meta":"","header-main-stick-meta":"","header-below-stick-meta":"","footnotes":""},"class_list":["post-495","page","type-page","status-publish","hentry"],"yoast_head":"<!-- This site is optimized with the Yoast SEO plugin v20.0 - https:\/\/yoast.com\/wordpress\/plugins\/seo\/ -->\n<title>Aviso legal - Missions per a municipis<\/title>\n<meta name=\"robots\" content=\"index, follow, max-snippet:-1, max-image-preview:large, max-video-preview:-1\" \/>\n<link rel=\"canonical\" href=\"https:\/\/missionsvalencia.eu\/municipisinnovadors\/aviso-legal\/\" \/>\n<meta property=\"og:locale\" content=\"es_ES\" \/>\n<meta property=\"og:type\" content=\"article\" \/>\n<meta property=\"og:title\" content=\"Aviso legal - Missions per a municipis\" \/>\n<meta property=\"og:description\" content=\"AVISO LEGAL INFORME DE REGISTRO DE ACTIVITADES DE TRATAMIENTO DERECHOS DE PROPIEDAD INTELECTUAL E INDUSTRIAL EXENCI\u00d3N DE RESPONSABILIDAD POL\u00cdTICA DE PROTECCI\u00d3N DE DATOS Y PRIVACIDAD DEBER DE INFORMAR SOBRE EL TRATAMIENTO DE DATOS AL AFECTADO INFORMACI\u00d3N ADICIONAL. RGPD POL\u00cdTICA DE COOKIES POL\u00cdTICA ANTI SPAM LEY APLICABLE Y JURISDICCI\u00d3N COPYRIGHT AVISO LEGAL Fundaci\u00f3n de la Comunidad &hellip; Aviso legal Leer m\u00e1s &raquo;\" \/>\n<meta property=\"og:url\" content=\"https:\/\/missionsvalencia.eu\/municipisinnovadors\/aviso-legal\/\" \/>\n<meta property=\"og:site_name\" content=\"Missions per a municipis\" \/>\n<meta property=\"article:publisher\" content=\"https:\/\/www.facebook.com\/LasNavesINN\" \/>\n<meta property=\"article:modified_time\" content=\"2021-07-08T06:53:04+00:00\" \/>\n<meta property=\"og:image\" content=\"https:\/\/missionsvalencia.eu\/municipisinnovadors\/wp-content\/uploads\/2021\/07\/LogoPrincipalBlanco.png\" \/>\n\t<meta property=\"og:image:width\" content=\"1113\" \/>\n\t<meta property=\"og:image:height\" content=\"218\" \/>\n\t<meta property=\"og:image:type\" content=\"image\/png\" \/>\n<meta name=\"twitter:card\" content=\"summary_large_image\" \/>\n<meta name=\"twitter:site\" content=\"@LasNavesINN\" \/>\n<meta name=\"twitter:label1\" content=\"Tiempo de lectura\" \/>\n\t<meta name=\"twitter:data1\" content=\"23 minutos\" \/>\n<script type=\"application\/ld+json\" class=\"yoast-schema-graph\">{\"@context\":\"https:\/\/schema.org\",\"@graph\":[{\"@type\":\"WebPage\",\"@id\":\"https:\/\/missionsvalencia.eu\/municipisinnovadors\/aviso-legal\/\",\"url\":\"https:\/\/missionsvalencia.eu\/municipisinnovadors\/aviso-legal\/\",\"name\":\"Aviso legal - Missions per a municipis\",\"isPartOf\":{\"@id\":\"https:\/\/missionsvalencia.eu\/municipisinnovadors\/#website\"},\"datePublished\":\"2021-07-08T06:52:09+00:00\",\"dateModified\":\"2021-07-08T06:53:04+00:00\",\"breadcrumb\":{\"@id\":\"https:\/\/missionsvalencia.eu\/municipisinnovadors\/aviso-legal\/#breadcrumb\"},\"inLanguage\":\"es\",\"potentialAction\":[{\"@type\":\"ReadAction\",\"target\":[\"https:\/\/missionsvalencia.eu\/municipisinnovadors\/aviso-legal\/\"]}]},{\"@type\":\"BreadcrumbList\",\"@id\":\"https:\/\/missionsvalencia.eu\/municipisinnovadors\/aviso-legal\/#breadcrumb\",\"itemListElement\":[{\"@type\":\"ListItem\",\"position\":1,\"name\":\"Portada\",\"item\":\"https:\/\/missionsvalencia.eu\/municipisinnovadors\/\"},{\"@type\":\"ListItem\",\"position\":2,\"name\":\"Aviso legal\"}]},{\"@type\":\"WebSite\",\"@id\":\"https:\/\/missionsvalencia.eu\/municipisinnovadors\/#website\",\"url\":\"https:\/\/missionsvalencia.eu\/municipisinnovadors\/\",\"name\":\"Missions per a municipis\",\"description\":\"Programa de innovaci\u00f3n para municipios orientados a Missions\",\"publisher\":{\"@id\":\"https:\/\/missionsvalencia.eu\/municipisinnovadors\/#organization\"},\"potentialAction\":[{\"@type\":\"SearchAction\",\"target\":{\"@type\":\"EntryPoint\",\"urlTemplate\":\"https:\/\/missionsvalencia.eu\/municipisinnovadors\/?s={search_term_string}\"},\"query-input\":\"required name=search_term_string\"}],\"inLanguage\":\"es\"},{\"@type\":\"Organization\",\"@id\":\"https:\/\/missionsvalencia.eu\/municipisinnovadors\/#organization\",\"name\":\"Missions per a municipis\",\"url\":\"https:\/\/missionsvalencia.eu\/municipisinnovadors\/\",\"logo\":{\"@type\":\"ImageObject\",\"inLanguage\":\"es\",\"@id\":\"https:\/\/missionsvalencia.eu\/municipisinnovadors\/#\/schema\/logo\/image\/\",\"url\":\"https:\/\/missionsvalencia.eu\/municipisinnovadors\/wp-content\/uploads\/2021\/07\/LogoPrincipalBlanco.png\",\"contentUrl\":\"https:\/\/missionsvalencia.eu\/municipisinnovadors\/wp-content\/uploads\/2021\/07\/LogoPrincipalBlanco.png\",\"width\":1113,\"height\":218,\"caption\":\"Missions per a municipis\"},\"image\":{\"@id\":\"https:\/\/missionsvalencia.eu\/municipisinnovadors\/#\/schema\/logo\/image\/\"},\"sameAs\":[\"https:\/\/www.instagram.com\/LASNAVES\/\",\"https:\/\/www.youtube.com\/channel\/UC71-dfd6_DBnNjmy544hb1Q\",\"https:\/\/www.flickr.com\/photos\/inndeavalencia\/\",\"https:\/\/www.facebook.com\/LasNavesINN\",\"https:\/\/twitter.com\/LasNavesINN\"]}]}<\/script>\n<!-- \/ Yoast SEO plugin. -->","yoast_head_json":{"title":"Aviso legal - Missions per a municipis","robots":{"index":"index","follow":"follow","max-snippet":"max-snippet:-1","max-image-preview":"max-image-preview:large","max-video-preview":"max-video-preview:-1"},"canonical":"https:\/\/missionsvalencia.eu\/municipisinnovadors\/aviso-legal\/","og_locale":"es_ES","og_type":"article","og_title":"Aviso legal - Missions per a municipis","og_description":"AVISO LEGAL INFORME DE REGISTRO DE ACTIVITADES DE TRATAMIENTO DERECHOS DE PROPIEDAD INTELECTUAL E INDUSTRIAL EXENCI\u00d3N DE RESPONSABILIDAD POL\u00cdTICA DE PROTECCI\u00d3N DE DATOS Y PRIVACIDAD DEBER DE INFORMAR SOBRE EL TRATAMIENTO DE DATOS AL AFECTADO INFORMACI\u00d3N ADICIONAL. RGPD POL\u00cdTICA DE COOKIES POL\u00cdTICA ANTI SPAM LEY APLICABLE Y JURISDICCI\u00d3N COPYRIGHT AVISO LEGAL Fundaci\u00f3n de la Comunidad &hellip; Aviso legal Leer m\u00e1s &raquo;","og_url":"https:\/\/missionsvalencia.eu\/municipisinnovadors\/aviso-legal\/","og_site_name":"Missions per a municipis","article_publisher":"https:\/\/www.facebook.com\/LasNavesINN","article_modified_time":"2021-07-08T06:53:04+00:00","og_image":[{"width":1113,"height":218,"url":"https:\/\/missionsvalencia.eu\/municipisinnovadors\/wp-content\/uploads\/2021\/07\/LogoPrincipalBlanco.png","type":"image\/png"}],"twitter_card":"summary_large_image","twitter_site":"@LasNavesINN","twitter_misc":{"Tiempo de lectura":"23 minutos"},"schema":{"@context":"https:\/\/schema.org","@graph":[{"@type":"WebPage","@id":"https:\/\/missionsvalencia.eu\/municipisinnovadors\/aviso-legal\/","url":"https:\/\/missionsvalencia.eu\/municipisinnovadors\/aviso-legal\/","name":"Aviso legal - Missions per a municipis","isPartOf":{"@id":"https:\/\/missionsvalencia.eu\/municipisinnovadors\/#website"},"datePublished":"2021-07-08T06:52:09+00:00","dateModified":"2021-07-08T06:53:04+00:00","breadcrumb":{"@id":"https:\/\/missionsvalencia.eu\/municipisinnovadors\/aviso-legal\/#breadcrumb"},"inLanguage":"es","potentialAction":[{"@type":"ReadAction","target":["https:\/\/missionsvalencia.eu\/municipisinnovadors\/aviso-legal\/"]}]},{"@type":"BreadcrumbList","@id":"https:\/\/missionsvalencia.eu\/municipisinnovadors\/aviso-legal\/#breadcrumb","itemListElement":[{"@type":"ListItem","position":1,"name":"Portada","item":"https:\/\/missionsvalencia.eu\/municipisinnovadors\/"},{"@type":"ListItem","position":2,"name":"Aviso legal"}]},{"@type":"WebSite","@id":"https:\/\/missionsvalencia.eu\/municipisinnovadors\/#website","url":"https:\/\/missionsvalencia.eu\/municipisinnovadors\/","name":"Missions per a municipis","description":"Programa de innovaci\u00f3n para municipios orientados a Missions","publisher":{"@id":"https:\/\/missionsvalencia.eu\/municipisinnovadors\/#organization"},"potentialAction":[{"@type":"SearchAction","target":{"@type":"EntryPoint","urlTemplate":"https:\/\/missionsvalencia.eu\/municipisinnovadors\/?s={search_term_string}"},"query-input":"required name=search_term_string"}],"inLanguage":"es"},{"@type":"Organization","@id":"https:\/\/missionsvalencia.eu\/municipisinnovadors\/#organization","name":"Missions per a municipis","url":"https:\/\/missionsvalencia.eu\/municipisinnovadors\/","logo":{"@type":"ImageObject","inLanguage":"es","@id":"https:\/\/missionsvalencia.eu\/municipisinnovadors\/#\/schema\/logo\/image\/","url":"https:\/\/missionsvalencia.eu\/municipisinnovadors\/wp-content\/uploads\/2021\/07\/LogoPrincipalBlanco.png","contentUrl":"https:\/\/missionsvalencia.eu\/municipisinnovadors\/wp-content\/uploads\/2021\/07\/LogoPrincipalBlanco.png","width":1113,"height":218,"caption":"Missions per a municipis"},"image":{"@id":"https:\/\/missionsvalencia.eu\/municipisinnovadors\/#\/schema\/logo\/image\/"},"sameAs":["https:\/\/www.instagram.com\/LASNAVES\/","https:\/\/www.youtube.com\/channel\/UC71-dfd6_DBnNjmy544hb1Q","https:\/\/www.flickr.com\/photos\/inndeavalencia\/","https:\/\/www.facebook.com\/LasNavesINN","https:\/\/twitter.com\/LasNavesINN"]}]}},"_links":{"self":[{"href":"https:\/\/missionsvalencia.eu\/municipisinnovadors\/wp-json\/wp\/v2\/pages\/495","targetHints":{"allow":["GET"]}}],"collection":[{"href":"https:\/\/missionsvalencia.eu\/municipisinnovadors\/wp-json\/wp\/v2\/pages"}],"about":[{"href":"https:\/\/missionsvalencia.eu\/municipisinnovadors\/wp-json\/wp\/v2\/types\/page"}],"author":[{"embeddable":true,"href":"https:\/\/missionsvalencia.eu\/municipisinnovadors\/wp-json\/wp\/v2\/users\/1"}],"replies":[{"embeddable":true,"href":"https:\/\/missionsvalencia.eu\/municipisinnovadors\/wp-json\/wp\/v2\/comments?post=495"}],"version-history":[{"count":1,"href":"https:\/\/missionsvalencia.eu\/municipisinnovadors\/wp-json\/wp\/v2\/pages\/495\/revisions"}],"predecessor-version":[{"id":496,"href":"https:\/\/missionsvalencia.eu\/municipisinnovadors\/wp-json\/wp\/v2\/pages\/495\/revisions\/496"}],"wp:attachment":[{"href":"https:\/\/missionsvalencia.eu\/municipisinnovadors\/wp-json\/wp\/v2\/media?parent=495"}],"curies":[{"name":"wp","href":"https:\/\/api.w.org\/{rel}","templated":true}]}}